{"id":20491,"date":"2023-10-30T09:52:32","date_gmt":"2023-10-30T09:52:32","guid":{"rendered":"https:\/\/filmvilnius.com\/clark-the-story-of-the-legendary-swedish-gangster-filmed-in-vilnius\/"},"modified":"2023-10-30T10:26:01","modified_gmt":"2023-10-30T10:26:01","slug":"netflix-serialas-clark-legenda-tapusio-svedu-gangsterio-istorija-nufilmuota-vilniuje","status":"publish","type":"page","link":"https:\/\/filmvilnius.com\/lt\/netflix-serialas-clark-legenda-tapusio-svedu-gangsterio-istorija-nufilmuota-vilniuje\/","title":{"rendered":"Serialas \u201eClark\u201c: legenda tapusio \u0161ved\u0173 gangsterio istorija nufilmuota Vilniuje"},"content":{"rendered":"\t\t<div data-elementor-type=\"wp-page\" data-elementor-id=\"20491\" class=\"elementor elementor-20491 elementor-20483\" data-elementor-post-type=\"page\">\n\t\t\t\t<div class=\"elementor-element elementor-element-db1058f e-con-full e-flex e-con e-parent\" data-id=\"db1058f\" data-element_type=\"container\" data-e-type=\"container\" data-settings=\"{&quot;background_background&quot;:&quot;classic&quot;}\">\n\t\t\t\t<\/div>\n\t\t<div class=\"elementor-element elementor-element-b35be04 e-flex e-con-boxed e-con e-parent\" data-id=\"b35be04\" data-element_type=\"container\" data-e-type=\"container\">\n\t\t\t\t\t<div class=\"e-con-inner\">\n\t\t<div class=\"elementor-element elementor-element-7890a45 e-con-full e-flex e-con e-child\" data-id=\"7890a45\" data-element_type=\"container\" data-e-type=\"container\">\n\t\t\t\t<div class=\"elementor-element elementor-element-a0485d6 elementor-widget elementor-widget-video\" data-id=\"a0485d6\" data-element_type=\"widget\" data-e-type=\"widget\" data-settings=\"{&quot;youtube_url&quot;:&quot;https:\\\/\\\/youtu.be\\\/pDuKaZkWClA&quot;,&quot;video_type&quot;:&quot;youtube&quot;,&quot;controls&quot;:&quot;yes&quot;}\" data-widget_type=\"video.default\">\n\t\t\t\t<div class=\"elementor-widget-container\">\n\t\t\t\t\t\t\t<div class=\"elementor-wrapper elementor-open-inline\">\n\t\t\t<div class=\"elementor-video\"><\/div>\t\t<\/div>\n\t\t\t\t\t\t<\/div>\n\t\t\t\t<\/div>\n\t\t\t\t<div class=\"elementor-element elementor-element-3d14027 elementor-widget elementor-widget-text-editor\" data-id=\"3d14027\" data-element_type=\"widget\" data-e-type=\"widget\" data-widget_type=\"text-editor.default\">\n\t\t\t\t<div class=\"elementor-widget-container\">\n\t\t\t\t\t\t\t\t\t<div class=\"wpb_text_column wpb_content_element \"><div class=\"wpb_wrapper\">\u201eClark\u201c (Klarkas) \u2013 \u0161ved\u0173 serialas, paremtas vienos kontroversi\u0161kiausi\u0173 asmenybi\u0173 \u0161iuolaikin\u0117je \u0160vedijos istorijoje \u2013 Klarko Olofsono (Clark Olofsson) \u2013 autobiografija. Ne\u012ftik\u0117tin\u0105 istorij\u0105 apie vien\u0105 pirm\u0173j\u0173 \u201e\u012f\u017eymybe gangsteriu\u201c laikom\u0105 nusikalt\u0117l\u012f \u2013 Klark\u0105 Olofson\u0105,\u00a0 re\u017eisavo Hansas U. J. Akerlundas (Hans Uno Jonas \u00c5kerlund), o pagrindin\u012f vaidmen\u012f atliko \u017eymus \u0161ved\u0173 aktorius Billas Skarsgardas (Bill Skarsg\u00e5rd). Filmavimo darbus Lietuvoje organizavo kino gamybos kompanija \u201eDansu Films\u201c.<\/div><\/div>\t\t\t\t\t\t\t\t<\/div>\n\t\t\t\t<\/div>\n\t\t\t\t<div class=\"elementor-element elementor-element-162c63b elementor-widget elementor-widget-heading\" data-id=\"162c63b\" data-element_type=\"widget\" data-e-type=\"widget\" data-widget_type=\"heading.default\">\n\t\t\t\t<div class=\"elementor-widget-container\">\n\t\t\t\t\t<h2 class=\"elementor-heading-title elementor-size-default\">Serialo k\u016br\u0117jai Kristianij\u0105 atrado U\u017eupyje<\/h2>\t\t\t\t<\/div>\n\t\t\t\t<\/div>\n\t\t\t\t<div class=\"elementor-element elementor-element-479ae87 elementor-widget elementor-widget-text-editor\" data-id=\"479ae87\" data-element_type=\"widget\" data-e-type=\"widget\" data-widget_type=\"text-editor.default\">\n\t\t\t\t<div class=\"elementor-widget-container\">\n\t\t\t\t\t\t\t\t\t<div class=\"wpb_text_column wpb_content_element \"><div class=\"wpb_wrapper\"><p>Didel\u0117 dalis serialo nufilmuota Vilniuje.\u00a0\u201eClark\u201c mar\u0161rut\u0105 rekomenduojame prad\u0117ti U\u017eupyje.\u00a0 Pasivaik\u0161\u010dioti U\u017eupio gatve link U\u017eupio meno inkubatoriaus, jo kieme nufilmuota dalis scen\u0173, kuriose Klarkas Olofsonas ir jo tuometin\u0117 mergina \u2013 Marija Walin (Maria Wallin) atvyksta \u012f Danij\u0105, Kristianij\u0105, prisijungti prie revoliucijos.<\/p><p>Rekomenduojame t\u0119sti mar\u0161rut\u0105 nuo U\u017eupio galeros link Etmon\u0173 ir Arkli\u0173 gatvi\u0173, kurios seriale tapo Hamburgo raudon\u0173j\u0173 \u017eibint\u0173 kvartalu vadinama Reeperbahn gatve.<\/p><\/div><\/div>\t\t\t\t\t\t\t\t<\/div>\n\t\t\t\t<\/div>\n\t\t\t\t<div class=\"elementor-element elementor-element-f023a29 elementor-widget elementor-widget-image\" data-id=\"f023a29\" data-element_type=\"widget\" data-e-type=\"widget\" data-widget_type=\"image.default\">\n\t\t\t\t<div class=\"elementor-widget-container\">\n\t\t\t\t\t\t\t\t\t\t\t\t\t\t\t<img fetchpriority=\"high\" decoding=\"async\" width=\"1280\" height=\"853\" src=\"https:\/\/filmvilnius.com\/wp-content\/uploads\/2023\/03\/clark-audrius-solominas.jpg\" class=\"attachment-full size-full wp-image-16775\" alt=\"\" srcset=\"https:\/\/filmvilnius.com\/wp-content\/uploads\/2023\/03\/clark-audrius-solominas.jpg 1280w, https:\/\/filmvilnius.com\/wp-content\/uploads\/2023\/03\/clark-audrius-solominas-300x200.jpg 300w, https:\/\/filmvilnius.com\/wp-content\/uploads\/2023\/03\/clark-audrius-solominas-1024x682.jpg 1024w, https:\/\/filmvilnius.com\/wp-content\/uploads\/2023\/03\/clark-audrius-solominas-768x512.jpg 768w\" sizes=\"(max-width: 1280px) 100vw, 1280px\" \/>\t\t\t\t\t\t\t\t\t\t\t\t\t\t\t<\/div>\n\t\t\t\t<\/div>\n\t\t\t\t<div class=\"elementor-element elementor-element-76e01fd elementor-widget elementor-widget-heading\" data-id=\"76e01fd\" data-element_type=\"widget\" data-e-type=\"widget\" data-widget_type=\"heading.default\">\n\t\t\t\t<div class=\"elementor-widget-container\">\n\t\t\t\t\t<h5 class=\"elementor-heading-title elementor-size-default\">Audriaus Solomino nuotr.<\/h5>\t\t\t\t<\/div>\n\t\t\t\t<\/div>\n\t\t\t\t<\/div>\n\t\t<div class=\"elementor-element elementor-element-90ad9c7 e-con-full e-flex e-con e-child\" data-id=\"90ad9c7\" data-element_type=\"container\" data-e-type=\"container\">\n\t\t\t\t<div class=\"elementor-element elementor-element-4569040 elementor-widget elementor-widget-heading\" data-id=\"4569040\" data-element_type=\"widget\" data-e-type=\"widget\" data-widget_type=\"heading.default\">\n\t\t\t\t<div class=\"elementor-widget-container\">\n\t\t\t\t\t<h2 class=\"elementor-heading-title elementor-size-default\">Klarkas Olofsonas Vilniaus rotu\u0161\u0117je<\/h2>\t\t\t\t<\/div>\n\t\t\t\t<\/div>\n\t\t\t\t<div class=\"elementor-element elementor-element-f061e66 elementor-widget elementor-widget-text-editor\" data-id=\"f061e66\" data-element_type=\"widget\" data-e-type=\"widget\" data-widget_type=\"text-editor.default\">\n\t\t\t\t<div class=\"elementor-widget-container\">\n\t\t\t\t\t\t\t\t\t<p>Legendinis \u0161ved\u0173 gangsteris savo kriminalin\u0119 karjer\u0105 prad\u0117jo nuo smulki\u0173 vagys\u010di\u0173 septintajame de\u0161imtmetyje, o 1966 m. rugpj\u016bt\u012f buvo nuteistas kal\u0117ti a\u0161tuonerius metus u\u017e pasik\u0117sinim\u0105 nu\u017eudyti. T\u0119siant kino mar\u0161rut\u0105 nuo Etmon\u0173 gatv\u0117s, rekomenduojame eiti link Vilniaus rotu\u0161\u0117s, kur buvo filmuota scena, kurioje Klarkas atve\u017eamas \u012f teism\u0105 prie\u0161 \u012fkalinim\u0105.<\/p>\t\t\t\t\t\t\t\t<\/div>\n\t\t\t\t<\/div>\n\t\t\t\t<div class=\"elementor-element elementor-element-01b0d31 elementor-widget elementor-widget-image\" data-id=\"01b0d31\" data-element_type=\"widget\" data-e-type=\"widget\" data-widget_type=\"image.default\">\n\t\t\t\t<div class=\"elementor-widget-container\">\n\t\t\t\t\t\t\t\t\t\t\t\t\t\t\t<img decoding=\"async\" width=\"1024\" height=\"683\" src=\"https:\/\/filmvilnius.com\/wp-content\/uploads\/2023\/01\/IMG_0806_Reduced.jpg\" class=\"attachment-full size-full wp-image-15842\" alt=\"\" srcset=\"https:\/\/filmvilnius.com\/wp-content\/uploads\/2023\/01\/IMG_0806_Reduced.jpg 1024w, https:\/\/filmvilnius.com\/wp-content\/uploads\/2023\/01\/IMG_0806_Reduced-300x200.jpg 300w, https:\/\/filmvilnius.com\/wp-content\/uploads\/2023\/01\/IMG_0806_Reduced-768x512.jpg 768w\" sizes=\"(max-width: 1024px) 100vw, 1024px\" \/>\t\t\t\t\t\t\t\t\t\t\t\t\t\t\t<\/div>\n\t\t\t\t<\/div>\n\t\t\t\t<\/div>\n\t\t<div class=\"elementor-element elementor-element-1ee0da4 e-con-full e-flex e-con e-child\" data-id=\"1ee0da4\" data-element_type=\"container\" data-e-type=\"container\">\n\t\t\t\t<div class=\"elementor-element elementor-element-86aea12 elementor-widget elementor-widget-heading\" data-id=\"86aea12\" data-element_type=\"widget\" data-e-type=\"widget\" data-widget_type=\"heading.default\">\n\t\t\t\t<div class=\"elementor-widget-container\">\n\t\t\t\t\t<h2 class=\"elementor-heading-title elementor-size-default\">\u017dymioji Norrmalmstorg aik\u0161t\u0117 Odmini\u0173 skvere ir termino \u201eStokholmo sindromas\u201c suk\u016brimas<\/h2>\t\t\t\t<\/div>\n\t\t\t\t<\/div>\n\t\t\t\t<div class=\"elementor-element elementor-element-fc12500 elementor-widget elementor-widget-text-editor\" data-id=\"fc12500\" data-element_type=\"widget\" data-e-type=\"widget\" data-widget_type=\"text-editor.default\">\n\t\t\t\t<div class=\"elementor-widget-container\">\n\t\t\t\t\t\t\t\t\t<div class=\"vc_row wpb_row vc_row-fluid\"><div class=\"wpb_column vc_column_container vc_col-sm-12\"><div class=\"vc_column-inner\"><div class=\"wpb_wrapper\"><div class=\"wpb_text_column wpb_content_element \"><div class=\"wpb_wrapper\"><p>Kal\u0117jime Klarkas susidraugavo su kitu nusikalt\u0117liu \u2013 Janu Eriku Olsonu (Jan-Erik Olsson), kuris kiek v\u0117liau, 1973\u00a0 metais, b\u016bdamas lygtinai paleistas i\u0161 kal\u0117jimo, nusprend\u0117 apipl\u0117\u0161ti did\u017eiausi\u0105 Stokholmo bank\u0105 \u201eKreditbanken\u201c, stovint\u012f centrin\u0117je Normalmstorgo\u00a0 (Norrmalmstorg) aik\u0161t\u0117je. Istorijoje \u0161is apipl\u0117\u0161imas \u017einomas kaip \u201eNormalmstorgo apipl\u0117\u0161imas\u201c.\u00a0<\/p><p>Seriale Odmini\u0173 skveras tapo garsi\u0105ja Normalmstorg aik\u0161te, kurioje policijos ekipa\u017eai steb\u0117jo bank\u0105. Keliaujant nuo Vilniaus rotu\u0161\u0117s Odmini\u0173 skveras kita mar\u0161ruto stotel\u0117.<\/p><p>Prasid\u0117jus nusikalt\u0117lio ir policijos deryboms, Janas Erikas Olsonas pareikalavo trij\u0173 milijon\u0173 kron\u0173, dviej\u0173 pistolet\u0173 ir apsaugini\u0173 liemeni\u0173 bei \u0161alm\u0173, taip pat\u00a0 Ford Mustang automobilio su pilnu baku degal\u0173 ir, svarbiausia,\u00a0paleisti i\u0161 kal\u0117jimo patyrus\u012f bank\u0173 pl\u0117\u0161ik\u0105 ir ger\u0105 draug\u0105\u00a0 Klark\u0105 Olofson\u0105.<\/p><p>Jano Eriko Olsono nurodymai buvo tenkinami: Klarkas buvo atve\u017etas ir \u012fleistas \u012f banko vid\u0173,\u00a0 pristatytas automobilis, atve\u017eti pinigai, ta\u010diau nusikalt\u0117lis J. Olsonas dels\u0117, nes suprato, kad palik\u0119s banko patalpas, taps puikiu taikiniu policijos kulkoms.\u00a0<\/p><p>Tai buvo ne\u012fprastas apipl\u0117\u0161imas. \u0160vedijos policija klaus\u0117si ir band\u0117 nusp\u0117ti, kas vyksta banko saugykloje, kurioje sl\u0117p\u0117si nusikalt\u0117liai su \u012fkaitais. Pagrob\u0117jai ir darbuotojos greitai tarpusavyje pajuto draugi\u0161kum\u0105, dalijosi patirtimi ir istorijomis, \u017eaid\u0117 \u012fvairius \u017eaidimus.\u00a0<\/p><\/div><\/div><div class=\"vc_empty_space\">\u00a0<\/div><\/div><\/div><\/div><\/div><div class=\"vc_row wpb_row vc_row-fluid\"><div class=\"wpb_column vc_column_container vc_col-sm-12\"><div class=\"vc_column-inner\"><div class=\"wpb_wrapper\"><div class=\"wpb_text_column wpb_content_element \"><div class=\"wpb_wrapper\"><p>Viena i\u0161 \u012fkai\u010di\u0173 net paskambino \u0160vedijos ministrui pirmininkui ir pra\u0161\u0117 leisti Klarkui Olofsonui ir Janui Erikui Olsonui i\u0161vykti, nenaudoti smurto, net si\u016bl\u0117si vykti kartu su jais, kaip garantas, kad abi pus\u0117s laikysis susitarimo. Kai \u012fkaitai buvo paleisti, n\u0117 vienas i\u0161 j\u0173 teisme nebuvo liudytoju prie\u0161 pagrob\u0117jus, vietoj to, jie prad\u0117jo rinkti pinigus j\u0173 gynybai. Klarkui teisme pavyko \u012frodyti , jog jis nedalyvavo apipl\u0117\u0161ime ir negali b\u016bti traktuojamas kaip bendrininkas, o, prie\u0161ingai, band\u0117 pad\u0117ti \u012fkaitams.<\/p><\/div><\/div><\/div><\/div><\/div><\/div>\t\t\t\t\t\t\t\t<\/div>\n\t\t\t\t<\/div>\n\t\t\t\t<div class=\"elementor-element elementor-element-a424e2d elementor-widget elementor-widget-image\" data-id=\"a424e2d\" data-element_type=\"widget\" data-e-type=\"widget\" data-widget_type=\"image.default\">\n\t\t\t\t<div class=\"elementor-widget-container\">\n\t\t\t\t\t\t\t\t\t\t\t\t\t\t\t<img decoding=\"async\" width=\"1280\" height=\"853\" src=\"https:\/\/filmvilnius.com\/wp-content\/uploads\/2023\/01\/clark-audrius-solominas3.jpg\" class=\"attachment-full size-full wp-image-15773\" alt=\"\" srcset=\"https:\/\/filmvilnius.com\/wp-content\/uploads\/2023\/01\/clark-audrius-solominas3.jpg 1280w, https:\/\/filmvilnius.com\/wp-content\/uploads\/2023\/01\/clark-audrius-solominas3-300x200.jpg 300w, https:\/\/filmvilnius.com\/wp-content\/uploads\/2023\/01\/clark-audrius-solominas3-1024x682.jpg 1024w, https:\/\/filmvilnius.com\/wp-content\/uploads\/2023\/01\/clark-audrius-solominas3-768x512.jpg 768w\" sizes=\"(max-width: 1280px) 100vw, 1280px\" \/>\t\t\t\t\t\t\t\t\t\t\t\t\t\t\t<\/div>\n\t\t\t\t<\/div>\n\t\t\t\t<div class=\"elementor-element elementor-element-7f2f30c elementor-widget elementor-widget-heading\" data-id=\"7f2f30c\" data-element_type=\"widget\" data-e-type=\"widget\" data-widget_type=\"heading.default\">\n\t\t\t\t<div class=\"elementor-widget-container\">\n\t\t\t\t\t<h5 class=\"elementor-heading-title elementor-size-default\">Audriaus Solomino nuotr.<\/h5>\t\t\t\t<\/div>\n\t\t\t\t<\/div>\n\t\t\t\t<div class=\"elementor-element elementor-element-890abf1 elementor-widget elementor-widget-text-editor\" data-id=\"890abf1\" data-element_type=\"widget\" data-e-type=\"widget\" data-widget_type=\"text-editor.default\">\n\t\t\t\t<div class=\"elementor-widget-container\">\n\t\t\t\t\t\t\t\t\t<div class=\"wpb_text_column wpb_content_element \"><div class=\"wpb_wrapper\"><p>Po \u0161io nusikaltimo atsirado Stokholmo sindromo pavadinimas, naudojamas visame pasaulyje. \u0160ved\u0173 kriminalistas ir psichiatras Nilsas Bejerotas sugalvojo sindromo termin\u0105 po to, kai Stokholmo policija papra\u0161\u0117 jo pagalbos analizuojant auk\u0173 reakcijas \u012f 1973 m. \u012fvykdyt\u0105 banko apipl\u0117\u0161im\u0105. Jis pavadino j\u012f \u201eNormalmstorgo sindromu\u201c \u00a0 (\u201eNorrmalmstorgssyndromet\u201c), v\u0117liau, u\u017e \u0160vedijos rib\u0173, jis tapo \u017einomas kaip Stokholmo sindromas. Tai \u2013 psichologinis rei\u0161kinys, kai pagrobimo metu \u012fkaitai (aukos) ima jausti teigiamus jausmus, tokius kaip savanori\u0161k\u0105 paklusnum\u0105, pagarb\u0105, meil\u0119 j\u0173 pagrob\u0117jams, nepaisydami to, kad pagrobimo metu kyla pavojus j\u0173 gyvybei ar sveikatai.<\/p><\/div><\/div>\t\t\t\t\t\t\t\t<\/div>\n\t\t\t\t<\/div>\n\t\t\t\t<div class=\"elementor-element elementor-element-9636457 elementor-widget elementor-widget-image\" data-id=\"9636457\" data-element_type=\"widget\" data-e-type=\"widget\" data-widget_type=\"image.default\">\n\t\t\t\t<div class=\"elementor-widget-container\">\n\t\t\t\t\t\t\t\t\t\t\t\t\t\t\t<img loading=\"lazy\" decoding=\"async\" width=\"1280\" height=\"853\" src=\"https:\/\/filmvilnius.com\/wp-content\/uploads\/2023\/01\/Clark-series-filming-in-Vilnius-min.jpg\" class=\"attachment-full size-full wp-image-15635\" alt=\"\" srcset=\"https:\/\/filmvilnius.com\/wp-content\/uploads\/2023\/01\/Clark-series-filming-in-Vilnius-min.jpg 1280w, https:\/\/filmvilnius.com\/wp-content\/uploads\/2023\/01\/Clark-series-filming-in-Vilnius-min-300x200.jpg 300w, https:\/\/filmvilnius.com\/wp-content\/uploads\/2023\/01\/Clark-series-filming-in-Vilnius-min-1024x682.jpg 1024w, https:\/\/filmvilnius.com\/wp-content\/uploads\/2023\/01\/Clark-series-filming-in-Vilnius-min-768x512.jpg 768w\" sizes=\"(max-width: 1280px) 100vw, 1280px\" \/>\t\t\t\t\t\t\t\t\t\t\t\t\t\t\t<\/div>\n\t\t\t\t<\/div>\n\t\t\t\t<div class=\"elementor-element elementor-element-41d0330 elementor-widget elementor-widget-heading\" data-id=\"41d0330\" data-element_type=\"widget\" data-e-type=\"widget\" data-widget_type=\"heading.default\">\n\t\t\t\t<div class=\"elementor-widget-container\">\n\t\t\t\t\t<h5 class=\"elementor-heading-title elementor-size-default\">Audriaus Solomino nuotr.<\/h5>\t\t\t\t<\/div>\n\t\t\t\t<\/div>\n\t\t\t\t<\/div>\n\t\t<div class=\"elementor-element elementor-element-e50a88d e-con-full e-flex e-con e-child\" data-id=\"e50a88d\" data-element_type=\"container\" data-e-type=\"container\">\n\t\t\t\t<div class=\"elementor-element elementor-element-edcd9a3 elementor-widget elementor-widget-heading\" data-id=\"edcd9a3\" data-element_type=\"widget\" data-e-type=\"widget\" data-widget_type=\"heading.default\">\n\t\t\t\t<div class=\"elementor-widget-container\">\n\t\t\t\t\t<h2 class=\"elementor-heading-title elementor-size-default\">Luki\u0161ki\u0173 kal\u0117jimas seriale tapo net 5 skirtingomis \u012fkalinimo \u012fstaigomis<\/h2>\t\t\t\t<\/div>\n\t\t\t\t<\/div>\n\t\t\t\t<div class=\"elementor-element elementor-element-78c970d elementor-widget elementor-widget-text-editor\" data-id=\"78c970d\" data-element_type=\"widget\" data-e-type=\"widget\" data-widget_type=\"text-editor.default\">\n\t\t\t\t<div class=\"elementor-widget-container\">\n\t\t\t\t\t\t\t\t\t<p>Vilniuje filmuotas nusikaltimo ir teismo vietoves jau aptar\u0117me, likusi stotel\u0117 \u2013 kal\u0117jimas. Klarkas daugiau nei pus\u0119 savo gyvenimo praleido u\u017e grot\u0173. Buvo nuteistas u\u017e kelis kaltinimus d\u0117l prekybos narkotikais, pasik\u0117sinimo nu\u017eudyti, u\u017epuolim\u0105, vagystes ir de\u0161imtis bank\u0173 apipl\u0117\u0161im\u0173. Seriale Klarkas pab\u0117go i\u0161 kal\u0117jim\u0173 net 17 kart\u0173, realiame gyvenime tikslus skai\u010dius n\u0117ra \u017einomas. Filmuojant serial\u0105 Vilniuje svarbus vaidmuo atiteko\u00a0 Luki\u0161ki\u0173 kal\u0117jimui, suvaidinusiam net 5 skirtingas \u012fkalinimo \u012fstaigas.<\/p>\t\t\t\t\t\t\t\t<\/div>\n\t\t\t\t<\/div>\n\t\t\t\t<div class=\"elementor-element elementor-element-7de2140 elementor-pagination-position-outside elementor--h-position-center elementor--v-position-middle elementor-arrows-position-inside elementor-widget elementor-widget-slides\" data-id=\"7de2140\" data-element_type=\"widget\" data-e-type=\"widget\" data-settings=\"{&quot;transition&quot;:&quot;fade&quot;,&quot;navigation&quot;:&quot;both&quot;,&quot;autoplay&quot;:&quot;yes&quot;,&quot;pause_on_hover&quot;:&quot;yes&quot;,&quot;pause_on_interaction&quot;:&quot;yes&quot;,&quot;autoplay_speed&quot;:5000,&quot;infinite&quot;:&quot;yes&quot;,&quot;transition_speed&quot;:500}\" data-widget_type=\"slides.default\">\n\t\t\t\t<div class=\"elementor-widget-container\">\n\t\t\t\t\t\t\t\t\t<div class=\"elementor-swiper\">\n\t\t\t\t\t<div class=\"elementor-slides-wrapper elementor-main-swiper swiper\" role=\"region\" aria-roledescription=\"carousel\" aria-label=\"Slides\" dir=\"ltr\" data-animation=\"fadeInRight\">\n\t\t\t\t<div class=\"swiper-wrapper elementor-slides\">\n\t\t\t\t\t\t\t\t\t\t<div class=\"elementor-repeater-item-9faed46 swiper-slide\" role=\"group\" aria-roledescription=\"slide\"><div class=\"swiper-slide-bg\" role=\"img\" aria-label=\"_O5A9975\"><\/div><div class=\"swiper-slide-inner\" ><div class=\"swiper-slide-contents\"><\/div><\/div><\/div><div class=\"elementor-repeater-item-1349816 swiper-slide\" role=\"group\" aria-roledescription=\"slide\"><div class=\"swiper-slide-bg\" role=\"img\" aria-label=\"_O5A4170\"><\/div><div class=\"swiper-slide-inner\" ><div class=\"swiper-slide-contents\"><\/div><\/div><\/div><div class=\"elementor-repeater-item-a12769a swiper-slide\" role=\"group\" aria-roledescription=\"slide\"><div class=\"swiper-slide-bg\" role=\"img\" aria-label=\"_O5A0132\"><\/div><div class=\"swiper-slide-inner\" ><div class=\"swiper-slide-contents\"><\/div><\/div><\/div>\t\t\t\t<\/div>\n\t\t\t\t\t\t\t\t\t\t\t\t\t\t\t<div class=\"elementor-swiper-button elementor-swiper-button-prev\" role=\"button\" tabindex=\"0\" aria-label=\"Previous slide\">\n\t\t\t\t\t\t\t<i aria-hidden=\"true\" class=\"eicon-chevron-left\"><\/i>\t\t\t\t\t\t<\/div>\n\t\t\t\t\t\t<div class=\"elementor-swiper-button elementor-swiper-button-next\" role=\"button\" tabindex=\"0\" aria-label=\"Next slide\">\n\t\t\t\t\t\t\t<i aria-hidden=\"true\" class=\"eicon-chevron-right\"><\/i>\t\t\t\t\t\t<\/div>\n\t\t\t\t\t\t\t\t\t\t\t\t\t\t\t\t<div class=\"swiper-pagination\"><\/div>\n\t\t\t\t\t\t\t\t\t\t\t\t<\/div>\n\t\t\t\t<\/div>\n\t\t\t\t\t\t\t\t<\/div>\n\t\t\t\t<\/div>\n\t\t\t\t<div class=\"elementor-element elementor-element-9a86003 elementor-widget elementor-widget-heading\" data-id=\"9a86003\" data-element_type=\"widget\" data-e-type=\"widget\" data-widget_type=\"heading.default\">\n\t\t\t\t<div class=\"elementor-widget-container\">\n\t\t\t\t\t<h5 class=\"elementor-heading-title elementor-size-default\">Audriaus Solomino nuotr.<\/h5>\t\t\t\t<\/div>\n\t\t\t\t<\/div>\n\t\t\t\t<div class=\"elementor-element elementor-element-2eb1d33 elementor-widget elementor-widget-text-editor\" data-id=\"2eb1d33\" data-element_type=\"widget\" data-e-type=\"widget\" data-widget_type=\"text-editor.default\">\n\t\t\t\t<div class=\"elementor-widget-container\">\n\t\t\t\t\t\t\t\t\t<div class=\"wpb_text_column wpb_content_element \"><div class=\"wpb_wrapper\"><div class=\"wpb_text_column wpb_content_element \"><div class=\"wpb_wrapper\"><p>Klarkas Olofsonas, dabar \u017einomas Danieliaus Demuynko (Daniel Demuynck) vardu, yra gyvas ir laisvas. \u012ekalintas 1967 m.\u00a0 susi\u017ead\u0117jo su Madiorie Britmere (Madiorie Britmer), ta\u010diau greitai visk\u0105 nutrauk\u0117. 1976 metais Kumlos kal\u0117jime ved\u0117 Marijke Demuyncke (Marijke Demuynck), bet jie i\u0161siskyr\u0117 1999 m. Klarkas susilauk\u0117 \u0161e\u0161i\u0173 vaik\u0173 su keliomis moterimis. Naujausi prane\u0161imai rodo, kad K. Olofsonas dabar gyvena Belgijoje. Televizijos interviu jis pasakojo, kad \u201enieko nesigaili\u201c, nes\u00a0 \u201egyveno kaip karalius\u201c. Be to, Klarkas tvirtina, kad jo \u0161e\u0161i vaikai su keturiomis skirtingomis \u017emonomis gyvena puikiai.<\/p><p>\u017dymiojo \u0160vedijos gangsterio Klarko Olofsono gyvenimo istorij\u0105 galite pamatyti \u201eNetflix\u201c platformoje, o Vilniaus kino biuras kvie\u010dia aplankyti 70-\u0173j\u0173 Skandinavija seriale\u00a0 tapusio Vilniaus filmavimo lokacijas.\u00a0<\/p><p>Rekomenduojamas mar\u0161rutas po centrin\u0119 miesto dal\u012f pad\u0117s ne tik geriau \u012fsijausti \u012f serial\u0105, bet ir aplankyti \u017eymiausias Vilniaus senamies\u010dio vietas. Norintiems su\u017einoti daugiau, dalinam\u0117s <a href=\"https:\/\/youtu.be\/S9T_I5jQ24k\"><span style=\"color: #808080;\">\u201eNetflix\u201c\u00a0video <\/span><\/a>kaip buvo kuriamas serialas.<\/p><\/div><\/div><\/div><\/div>\t\t\t\t\t\t\t\t<\/div>\n\t\t\t\t<\/div>\n\t\t\t\t<div class=\"elementor-element elementor-element-e832891 elementor-widget elementor-widget-text-editor\" data-id=\"e832891\" data-element_type=\"widget\" data-e-type=\"widget\" data-widget_type=\"text-editor.default\">\n\t\t\t\t<div class=\"elementor-widget-container\">\n\t\t\t\t\t\t\t\t\t<div class=\"wpb_text_column wpb_content_element \"><div class=\"wpb_wrapper\">Serialo \u201eCLARK\u201c kino mar\u0161rutas:<\/div><\/div>\t\t\t\t\t\t\t\t<\/div>\n\t\t\t\t<\/div>\n\t\t\t\t<div class=\"elementor-element elementor-element-af221de elementor-widget elementor-widget-text-editor\" data-id=\"af221de\" data-element_type=\"widget\" data-e-type=\"widget\" data-widget_type=\"text-editor.default\">\n\t\t\t\t<div class=\"elementor-widget-container\">\n\t\t\t\t\t\t\t\t\t<iframe src=\"https:\/\/www.google.com\/maps\/d\/u\/0\/embed?mid=1dnasJsDtnt_ET_dP9-1bVtgTj6lSrYY&#038;ehbc=2E312F\" width=\"640\" height=\"480\"><\/iframe>\t\t\t\t\t\t\t\t<\/div>\n\t\t\t\t<\/div>\n\t\t\t\t<\/div>\n\t\t\t\t\t<\/div>\n\t\t\t\t<\/div>\n\t\t\t\t<\/div>\n\t\t","protected":false},"excerpt":{"rendered":"<p>https:\/\/youtu.be\/pDuKaZkWClA\u201eClark\u201c (Klarkas) \u2013 \u0161ved\u0173 serialas, paremtas vienos kontroversi\u0161kiausi\u0173 asmenybi\u0173 \u0161iuolaikin\u0117je \u0160vedijos istorijoje \u2013 Klarko Olofsono (Clark Olofsson) \u2013 autobiografija. Ne\u012ftik\u0117tin\u0105 istorij\u0105 apie vien\u0105 pirm\u0173j\u0173 \u201e\u012f\u017eymybe gangsteriu\u201c laikom\u0105 nusikalt\u0117l\u012f \u2013 Klark\u0105 Olofson\u0105,\u00a0 re\u017eisavo Hansas U. J. Akerlundas (Hans Uno Jonas \u00c5kerlund), o pagrindin\u012f vaidmen\u012f atliko \u017eymus \u0161ved\u0173 aktorius Billas Skarsgardas (Bill Skarsg\u00e5rd). Filmavimo darbus Lietuvoje organizavo [&hellip;]<\/p>\n","protected":false},"author":7,"featured_media":0,"parent":0,"menu_order":0,"comment_status":"closed","ping_status":"closed","template":"","meta":{"_acf_changed":false,"_monsterinsights_skip_tracking":false,"_monsterinsights_sitenote_active":false,"_monsterinsights_sitenote_note":"","_monsterinsights_sitenote_category":0,"footnotes":""},"class_list":["post-20491","page","type-page","status-publish","hentry"],"acf":[],"yoast_head":"<!-- This site is optimized with the Yoast SEO plugin v27.4 - https:\/\/yoast.com\/product\/yoast-seo-wordpress\/ -->\n<title>Serialas \u201eClark\u201c: legenda tapusio \u0161ved\u0173 gangsterio istorija nufilmuota Vilniuje - Vilnius film office<\/title>\n<meta name=\"robots\" content=\"index, follow, max-snippet:-1, max-image-preview:large, max-video-preview:-1\" \/>\n<link rel=\"canonical\" href=\"https:\/\/filmvilnius.com\/lt\/netflix-serialas-clark-legenda-tapusio-svedu-gangsterio-istorija-nufilmuota-vilniuje\/\" \/>\n<meta property=\"og:locale\" content=\"lt_LT\" \/>\n<meta property=\"og:type\" content=\"article\" \/>\n<meta property=\"og:title\" content=\"Serialas \u201eClark\u201c: legenda tapusio \u0161ved\u0173 gangsterio istorija nufilmuota Vilniuje - Vilnius film office\" \/>\n<meta property=\"og:description\" content=\"https:\/\/youtu.be\/pDuKaZkWClA\u201eClark\u201c (Klarkas) \u2013 \u0161ved\u0173 serialas, paremtas vienos kontroversi\u0161kiausi\u0173 asmenybi\u0173 \u0161iuolaikin\u0117je \u0160vedijos istorijoje \u2013 Klarko Olofsono (Clark Olofsson) \u2013 autobiografija. Ne\u012ftik\u0117tin\u0105 istorij\u0105 apie vien\u0105 pirm\u0173j\u0173 \u201e\u012f\u017eymybe gangsteriu\u201c laikom\u0105 nusikalt\u0117l\u012f \u2013 Klark\u0105 Olofson\u0105,\u00a0 re\u017eisavo Hansas U. J. Akerlundas (Hans Uno Jonas \u00c5kerlund), o pagrindin\u012f vaidmen\u012f atliko \u017eymus \u0161ved\u0173 aktorius Billas Skarsgardas (Bill Skarsg\u00e5rd). Filmavimo darbus Lietuvoje organizavo [&hellip;]\" \/>\n<meta property=\"og:url\" content=\"https:\/\/filmvilnius.com\/lt\/netflix-serialas-clark-legenda-tapusio-svedu-gangsterio-istorija-nufilmuota-vilniuje\/\" \/>\n<meta property=\"og:site_name\" content=\"Vilnius film office\" \/>\n<meta property=\"article:publisher\" content=\"https:\/\/www.facebook.com\/filmvilnius\" \/>\n<meta property=\"article:modified_time\" content=\"2023-10-30T10:26:01+00:00\" \/>\n<meta property=\"og:image\" content=\"https:\/\/filmvilnius.com\/wp-content\/uploads\/2023\/03\/clark-audrius-solominas.jpg\" \/>\n<meta name=\"twitter:card\" content=\"summary_large_image\" \/>\n<meta name=\"twitter:site\" content=\"@FilmVilnius\" \/>\n<meta name=\"twitter:label1\" content=\"Est. reading time\" \/>\n\t<meta name=\"twitter:data1\" content=\"4 minut\u0117s\" \/>\n<script type=\"application\/ld+json\" class=\"yoast-schema-graph\">{\"@context\":\"https:\\\/\\\/schema.org\",\"@graph\":[{\"@type\":\"WebPage\",\"@id\":\"https:\\\/\\\/filmvilnius.com\\\/lt\\\/netflix-serialas-clark-legenda-tapusio-svedu-gangsterio-istorija-nufilmuota-vilniuje\\\/\",\"url\":\"https:\\\/\\\/filmvilnius.com\\\/lt\\\/netflix-serialas-clark-legenda-tapusio-svedu-gangsterio-istorija-nufilmuota-vilniuje\\\/\",\"name\":\"Serialas \u201eClark\u201c: legenda tapusio \u0161ved\u0173 gangsterio istorija nufilmuota Vilniuje - Vilnius film office\",\"isPartOf\":{\"@id\":\"https:\\\/\\\/filmvilnius.com\\\/#website\"},\"primaryImageOfPage\":{\"@id\":\"https:\\\/\\\/filmvilnius.com\\\/lt\\\/netflix-serialas-clark-legenda-tapusio-svedu-gangsterio-istorija-nufilmuota-vilniuje\\\/#primaryimage\"},\"image\":{\"@id\":\"https:\\\/\\\/filmvilnius.com\\\/lt\\\/netflix-serialas-clark-legenda-tapusio-svedu-gangsterio-istorija-nufilmuota-vilniuje\\\/#primaryimage\"},\"thumbnailUrl\":\"https:\\\/\\\/filmvilnius.com\\\/wp-content\\\/uploads\\\/2023\\\/03\\\/clark-audrius-solominas.jpg\",\"datePublished\":\"2023-10-30T09:52:32+00:00\",\"dateModified\":\"2023-10-30T10:26:01+00:00\",\"breadcrumb\":{\"@id\":\"https:\\\/\\\/filmvilnius.com\\\/lt\\\/netflix-serialas-clark-legenda-tapusio-svedu-gangsterio-istorija-nufilmuota-vilniuje\\\/#breadcrumb\"},\"inLanguage\":\"lt-LT\",\"potentialAction\":[{\"@type\":\"ReadAction\",\"target\":[\"https:\\\/\\\/filmvilnius.com\\\/lt\\\/netflix-serialas-clark-legenda-tapusio-svedu-gangsterio-istorija-nufilmuota-vilniuje\\\/\"]}]},{\"@type\":\"ImageObject\",\"inLanguage\":\"lt-LT\",\"@id\":\"https:\\\/\\\/filmvilnius.com\\\/lt\\\/netflix-serialas-clark-legenda-tapusio-svedu-gangsterio-istorija-nufilmuota-vilniuje\\\/#primaryimage\",\"url\":\"https:\\\/\\\/filmvilnius.com\\\/wp-content\\\/uploads\\\/2023\\\/03\\\/clark-audrius-solominas.jpg\",\"contentUrl\":\"https:\\\/\\\/filmvilnius.com\\\/wp-content\\\/uploads\\\/2023\\\/03\\\/clark-audrius-solominas.jpg\"},{\"@type\":\"BreadcrumbList\",\"@id\":\"https:\\\/\\\/filmvilnius.com\\\/lt\\\/netflix-serialas-clark-legenda-tapusio-svedu-gangsterio-istorija-nufilmuota-vilniuje\\\/#breadcrumb\",\"itemListElement\":[{\"@type\":\"ListItem\",\"position\":1,\"name\":\"Home\",\"item\":\"https:\\\/\\\/filmvilnius.com\\\/lt\\\/\"},{\"@type\":\"ListItem\",\"position\":2,\"name\":\"Serialas \u201eClark\u201c: legenda tapusio \u0161ved\u0173 gangsterio istorija nufilmuota Vilniuje\"}]},{\"@type\":\"WebSite\",\"@id\":\"https:\\\/\\\/filmvilnius.com\\\/#website\",\"url\":\"https:\\\/\\\/filmvilnius.com\\\/\",\"name\":\"Vilnius film office\",\"description\":\"\",\"publisher\":{\"@id\":\"https:\\\/\\\/filmvilnius.com\\\/#organization\"},\"potentialAction\":[{\"@type\":\"SearchAction\",\"target\":{\"@type\":\"EntryPoint\",\"urlTemplate\":\"https:\\\/\\\/filmvilnius.com\\\/?s={search_term_string}\"},\"query-input\":{\"@type\":\"PropertyValueSpecification\",\"valueRequired\":true,\"valueName\":\"search_term_string\"}}],\"inLanguage\":\"lt-LT\"},{\"@type\":\"Organization\",\"@id\":\"https:\\\/\\\/filmvilnius.com\\\/#organization\",\"name\":\"Vilniaus kino biuras\",\"url\":\"https:\\\/\\\/filmvilnius.com\\\/\",\"logo\":{\"@type\":\"ImageObject\",\"inLanguage\":\"lt-LT\",\"@id\":\"https:\\\/\\\/filmvilnius.com\\\/#\\\/schema\\\/logo\\\/image\\\/\",\"url\":\"https:\\\/\\\/filmvilnius.com\\\/wp-content\\\/uploads\\\/2022\\\/12\\\/VKB-Logo-2022-EN-2-V.jpg\",\"contentUrl\":\"https:\\\/\\\/filmvilnius.com\\\/wp-content\\\/uploads\\\/2022\\\/12\\\/VKB-Logo-2022-EN-2-V.jpg\",\"width\":1419,\"height\":1418,\"caption\":\"Vilniaus kino biuras\"},\"image\":{\"@id\":\"https:\\\/\\\/filmvilnius.com\\\/#\\\/schema\\\/logo\\\/image\\\/\"},\"sameAs\":[\"https:\\\/\\\/www.facebook.com\\\/filmvilnius\",\"https:\\\/\\\/x.com\\\/FilmVilnius\",\"https:\\\/\\\/www.instagram.com\\\/filmvilnius\\\/\"]}]}<\/script>\n<!-- \/ Yoast SEO plugin. -->","yoast_head_json":{"title":"Serialas \u201eClark\u201c: legenda tapusio \u0161ved\u0173 gangsterio istorija nufilmuota Vilniuje - Vilnius film office","robots":{"index":"index","follow":"follow","max-snippet":"max-snippet:-1","max-image-preview":"max-image-preview:large","max-video-preview":"max-video-preview:-1"},"canonical":"https:\/\/filmvilnius.com\/lt\/netflix-serialas-clark-legenda-tapusio-svedu-gangsterio-istorija-nufilmuota-vilniuje\/","og_locale":"lt_LT","og_type":"article","og_title":"Serialas \u201eClark\u201c: legenda tapusio \u0161ved\u0173 gangsterio istorija nufilmuota Vilniuje - Vilnius film office","og_description":"https:\/\/youtu.be\/pDuKaZkWClA\u201eClark\u201c (Klarkas) \u2013 \u0161ved\u0173 serialas, paremtas vienos kontroversi\u0161kiausi\u0173 asmenybi\u0173 \u0161iuolaikin\u0117je \u0160vedijos istorijoje \u2013 Klarko Olofsono (Clark Olofsson) \u2013 autobiografija. Ne\u012ftik\u0117tin\u0105 istorij\u0105 apie vien\u0105 pirm\u0173j\u0173 \u201e\u012f\u017eymybe gangsteriu\u201c laikom\u0105 nusikalt\u0117l\u012f \u2013 Klark\u0105 Olofson\u0105,\u00a0 re\u017eisavo Hansas U. J. Akerlundas (Hans Uno Jonas \u00c5kerlund), o pagrindin\u012f vaidmen\u012f atliko \u017eymus \u0161ved\u0173 aktorius Billas Skarsgardas (Bill Skarsg\u00e5rd). Filmavimo darbus Lietuvoje organizavo [&hellip;]","og_url":"https:\/\/filmvilnius.com\/lt\/netflix-serialas-clark-legenda-tapusio-svedu-gangsterio-istorija-nufilmuota-vilniuje\/","og_site_name":"Vilnius film office","article_publisher":"https:\/\/www.facebook.com\/filmvilnius","article_modified_time":"2023-10-30T10:26:01+00:00","og_image":[{"url":"https:\/\/filmvilnius.com\/wp-content\/uploads\/2023\/03\/clark-audrius-solominas.jpg","type":"","width":"","height":""}],"twitter_card":"summary_large_image","twitter_site":"@FilmVilnius","twitter_misc":{"Est. reading time":"4 minut\u0117s"},"schema":{"@context":"https:\/\/schema.org","@graph":[{"@type":"WebPage","@id":"https:\/\/filmvilnius.com\/lt\/netflix-serialas-clark-legenda-tapusio-svedu-gangsterio-istorija-nufilmuota-vilniuje\/","url":"https:\/\/filmvilnius.com\/lt\/netflix-serialas-clark-legenda-tapusio-svedu-gangsterio-istorija-nufilmuota-vilniuje\/","name":"Serialas \u201eClark\u201c: legenda tapusio \u0161ved\u0173 gangsterio istorija nufilmuota Vilniuje - Vilnius film office","isPartOf":{"@id":"https:\/\/filmvilnius.com\/#website"},"primaryImageOfPage":{"@id":"https:\/\/filmvilnius.com\/lt\/netflix-serialas-clark-legenda-tapusio-svedu-gangsterio-istorija-nufilmuota-vilniuje\/#primaryimage"},"image":{"@id":"https:\/\/filmvilnius.com\/lt\/netflix-serialas-clark-legenda-tapusio-svedu-gangsterio-istorija-nufilmuota-vilniuje\/#primaryimage"},"thumbnailUrl":"https:\/\/filmvilnius.com\/wp-content\/uploads\/2023\/03\/clark-audrius-solominas.jpg","datePublished":"2023-10-30T09:52:32+00:00","dateModified":"2023-10-30T10:26:01+00:00","breadcrumb":{"@id":"https:\/\/filmvilnius.com\/lt\/netflix-serialas-clark-legenda-tapusio-svedu-gangsterio-istorija-nufilmuota-vilniuje\/#breadcrumb"},"inLanguage":"lt-LT","potentialAction":[{"@type":"ReadAction","target":["https:\/\/filmvilnius.com\/lt\/netflix-serialas-clark-legenda-tapusio-svedu-gangsterio-istorija-nufilmuota-vilniuje\/"]}]},{"@type":"ImageObject","inLanguage":"lt-LT","@id":"https:\/\/filmvilnius.com\/lt\/netflix-serialas-clark-legenda-tapusio-svedu-gangsterio-istorija-nufilmuota-vilniuje\/#primaryimage","url":"https:\/\/filmvilnius.com\/wp-content\/uploads\/2023\/03\/clark-audrius-solominas.jpg","contentUrl":"https:\/\/filmvilnius.com\/wp-content\/uploads\/2023\/03\/clark-audrius-solominas.jpg"},{"@type":"BreadcrumbList","@id":"https:\/\/filmvilnius.com\/lt\/netflix-serialas-clark-legenda-tapusio-svedu-gangsterio-istorija-nufilmuota-vilniuje\/#breadcrumb","itemListElement":[{"@type":"ListItem","position":1,"name":"Home","item":"https:\/\/filmvilnius.com\/lt\/"},{"@type":"ListItem","position":2,"name":"Serialas \u201eClark\u201c: legenda tapusio \u0161ved\u0173 gangsterio istorija nufilmuota Vilniuje"}]},{"@type":"WebSite","@id":"https:\/\/filmvilnius.com\/#website","url":"https:\/\/filmvilnius.com\/","name":"Vilnius film office","description":"","publisher":{"@id":"https:\/\/filmvilnius.com\/#organization"},"potentialAction":[{"@type":"SearchAction","target":{"@type":"EntryPoint","urlTemplate":"https:\/\/filmvilnius.com\/?s={search_term_string}"},"query-input":{"@type":"PropertyValueSpecification","valueRequired":true,"valueName":"search_term_string"}}],"inLanguage":"lt-LT"},{"@type":"Organization","@id":"https:\/\/filmvilnius.com\/#organization","name":"Vilniaus kino biuras","url":"https:\/\/filmvilnius.com\/","logo":{"@type":"ImageObject","inLanguage":"lt-LT","@id":"https:\/\/filmvilnius.com\/#\/schema\/logo\/image\/","url":"https:\/\/filmvilnius.com\/wp-content\/uploads\/2022\/12\/VKB-Logo-2022-EN-2-V.jpg","contentUrl":"https:\/\/filmvilnius.com\/wp-content\/uploads\/2022\/12\/VKB-Logo-2022-EN-2-V.jpg","width":1419,"height":1418,"caption":"Vilniaus kino biuras"},"image":{"@id":"https:\/\/filmvilnius.com\/#\/schema\/logo\/image\/"},"sameAs":["https:\/\/www.facebook.com\/filmvilnius","https:\/\/x.com\/FilmVilnius","https:\/\/www.instagram.com\/filmvilnius\/"]}]}},"_links":{"self":[{"href":"https:\/\/filmvilnius.com\/lt\/wp-json\/wp\/v2\/pages\/20491","targetHints":{"allow":["GET"]}}],"collection":[{"href":"https:\/\/filmvilnius.com\/lt\/wp-json\/wp\/v2\/pages"}],"about":[{"href":"https:\/\/filmvilnius.com\/lt\/wp-json\/wp\/v2\/types\/page"}],"author":[{"embeddable":true,"href":"https:\/\/filmvilnius.com\/lt\/wp-json\/wp\/v2\/users\/7"}],"replies":[{"embeddable":true,"href":"https:\/\/filmvilnius.com\/lt\/wp-json\/wp\/v2\/comments?post=20491"}],"version-history":[{"count":7,"href":"https:\/\/filmvilnius.com\/lt\/wp-json\/wp\/v2\/pages\/20491\/revisions"}],"predecessor-version":[{"id":20500,"href":"https:\/\/filmvilnius.com\/lt\/wp-json\/wp\/v2\/pages\/20491\/revisions\/20500"}],"wp:attachment":[{"href":"https:\/\/filmvilnius.com\/lt\/wp-json\/wp\/v2\/media?parent=20491"}],"curies":[{"name":"wp","href":"https:\/\/api.w.org\/{rel}","templated":true}]}}