{"id":20506,"date":"2023-10-30T10:25:02","date_gmt":"2023-10-30T10:25:02","guid":{"rendered":"https:\/\/filmvilnius.com\/footsteps-of-netflixs-young-wallander-lead-to-vilnius\/"},"modified":"2023-11-29T11:23:34","modified_gmt":"2023-11-29T11:23:34","slug":"netflix-serialo-young-wallander-pedsakai-veda-i-vilniu","status":"publish","type":"page","link":"https:\/\/filmvilnius.com\/lt\/netflix-serialo-young-wallander-pedsakai-veda-i-vilniu\/","title":{"rendered":"\u201eNetflix\u201c filmo \u201eYoung Wallander\u201c p\u0117dsakai veda \u012f Vilni\u0173"},"content":{"rendered":"\t\t<div data-elementor-type=\"wp-page\" data-elementor-id=\"20506\" class=\"elementor elementor-20506 elementor-20496\" data-elementor-post-type=\"page\">\n\t\t\t\t<div class=\"elementor-element elementor-element-2dd6fa4 e-con-full e-flex e-con e-parent\" data-id=\"2dd6fa4\" data-element_type=\"container\" data-e-type=\"container\" data-settings=\"{&quot;background_background&quot;:&quot;classic&quot;}\">\n\t\t\t\t<\/div>\n\t\t<div class=\"elementor-element elementor-element-9646687 e-flex e-con-boxed e-con e-parent\" data-id=\"9646687\" data-element_type=\"container\" data-e-type=\"container\">\n\t\t\t\t\t<div class=\"e-con-inner\">\n\t\t<div class=\"elementor-element elementor-element-1a7a467 e-con-full e-flex e-con e-child\" data-id=\"1a7a467\" data-element_type=\"container\" data-e-type=\"container\">\n\t\t\t\t<div class=\"elementor-element elementor-element-c367c82 elementor-widget elementor-widget-video\" data-id=\"c367c82\" data-element_type=\"widget\" data-e-type=\"widget\" data-settings=\"{&quot;youtube_url&quot;:&quot;https:\\\/\\\/www.youtube.com\\\/watch?v=t9rYPlh18Uo&amp;t=19s&quot;,&quot;video_type&quot;:&quot;youtube&quot;,&quot;controls&quot;:&quot;yes&quot;}\" data-widget_type=\"video.default\">\n\t\t\t\t<div class=\"elementor-widget-container\">\n\t\t\t\t\t\t\t<div class=\"elementor-wrapper elementor-open-inline\">\n\t\t\t<div class=\"elementor-video\"><\/div>\t\t<\/div>\n\t\t\t\t\t\t<\/div>\n\t\t\t\t<\/div>\n\t\t\t\t<div class=\"elementor-element elementor-element-e947994 elementor-widget elementor-widget-text-editor\" data-id=\"e947994\" data-element_type=\"widget\" data-e-type=\"widget\" data-widget_type=\"text-editor.default\">\n\t\t\t\t<div class=\"elementor-widget-container\">\n\t\t\t\t\t\t\t\t\t<div class=\"wpb_text_column wpb_content_element \"><div class=\"wpb_wrapper\"><div class=\"wpb_text_column wpb_content_element \"><div class=\"wpb_wrapper\"><div class=\"wpb_text_column wpb_content_element \"><div class=\"wpb_wrapper\"><p>Jei m\u0117gstate detektyvus, tikriausiai \u017ei\u016br\u0117jote \u201eNetflix\u201c serial\u0105 \u201eYoung Wallander\u201c (Jaunasis Valanderis), \u012fkv\u0117pt\u0105 did\u017eiulio populiarumo sulaukusi\u0173 Henning Mankell roman\u0173. Nors istorijos veiksmas vyksta \u0161iuolaikin\u0117je \u0160vedijoje, serialas buvo filmuojamas i\u0161skirtinai Lietuvoje. Vilniaus kino biuras kvie\u010dia leistis \u012f pasivaik\u0161\u010diojim\u0105 Vilniaus gatv\u0117mis, kuriose \u2013\u00a0 mylimo \u0161ved\u0173 detektyvo p\u0117dsakai!<\/p><p>TV serialo pagrindinis herojus \u2013 kultinis persona\u017eas detektyvas Kurtas Valanderis. Neseniai mokslus pabaigusiam policijos pareig\u016bnui tenka susidurti su pirm\u0105ja savo byla. Itin sud\u0117tingas atvejis K. Valander\u012f \u012ftraukia \u012f neapykantos nusikaltim\u0105 jo paties kaimynyst\u0117je, o visuomen\u0117je i\u0161provokuoja nepasitenkinimo bang\u0105.\u00a0\u00a0<\/p><p>Filmavimo darbus Lietuvoje organizavo kino gamybos kompanija \u201eAhil\u201c.<\/p><\/div><\/div><\/div><\/div><\/div><\/div>\t\t\t\t\t\t\t\t<\/div>\n\t\t\t\t<\/div>\n\t\t\t\t<div class=\"elementor-element elementor-element-51ada2c elementor-widget elementor-widget-heading\" data-id=\"51ada2c\" data-element_type=\"widget\" data-e-type=\"widget\" data-widget_type=\"heading.default\">\n\t\t\t\t<div class=\"elementor-widget-container\">\n\t\t\t\t\t<h2 class=\"elementor-heading-title elementor-size-default\">\u0160e\u0161kin\u0117: sovietin\u0117 architekt\u016bra ir gamtos peiza\u017eai<\/h2>\t\t\t\t<\/div>\n\t\t\t\t<\/div>\n\t\t\t\t<div class=\"elementor-element elementor-element-46bf324 elementor-widget elementor-widget-text-editor\" data-id=\"46bf324\" data-element_type=\"widget\" data-e-type=\"widget\" data-widget_type=\"text-editor.default\">\n\t\t\t\t<div class=\"elementor-widget-container\">\n\t\t\t\t\t\t\t\t\t<div class=\"wpb_text_column wpb_content_element \"><div class=\"wpb_wrapper\"><p>Pirm\u0105sias sezono serijas k\u016br\u0117jai intensyviai filmavo \u0160e\u0161kin\u0117je, kuri virto Malm\u0117s miestu. Filmuoti \u0161ioje vietoje \u201eNetflix\u201c \u012fkv\u0117p\u0117 didelis miesto ir gamtos peiza\u017e\u0173 pasirinkimas. \u0160e\u0161kin\u0117je esantys daugiabu\u010diai \u2013 itin kinematografi\u0161ki, leid\u017eiantys eksperimentuoti k\u016brybiniais sprendimais ir skirtingais filmavimo kampais. Svarbu pamin\u0117ti ir tai, kad \u0160e\u0161kin\u0117s mikrorajonas \u2013 vienas sovietin\u0117s architekt\u016bros, tuo metu laikytos modernia, pavyzd\u017ei\u0173. \u0160e\u0161kin\u0117 gars\u0117ja prie\u0161 16 000\u201318 000 met\u0173 susiformavusiu kalvag\u016bbriu, vietini\u0173 vadinamu \u0160e\u0161kin\u0117s ozu. Pastarasis stebina nuostabia gamta, atsiverian\u010diomis panoramomis ir atviromis erdv\u0117mis.<\/p><p>\u012edomu tai, kad pagrindinis serialo veik\u0117jas \u201eapsigyveno\u201c b\u016btent \u0161iame mikrorajone esan\u010diame bute. Pro filmavimui pasirinkto buto langus matomas vaizdas nesiskyr\u0117 nuo lauko scen\u0173, o tai visam siu\u017eetui suteik\u0117 tikrovi\u0161kumo bei t\u0119stinumo. Sprogimo scena filmuota \u0161alia krep\u0161inio aik\u0161tel\u0117s, esan\u010dios Ukmerg\u0117s g. 210. Daugyb\u0117je epizod\u0173 galima i\u0161vysti ir \u0160e\u0161kin\u0117s g. 75-79 esan\u010di\u0173 daugiabu\u010di\u0173 kiemus. Filmo k\u016br\u0117jai prisid\u0117jo prie \u0160e\u0161kin\u0117s tvarkymo darb\u0173: pastat\u0117 laisvalaikio stalus bei suoliukus, aptv\u0117r\u0117 krep\u0161inio aik\u0161tel\u0119, atliko senos laiptin\u0117s elektros instaliacijos renovacij\u0105 ir pan.<\/p><\/div><\/div>\t\t\t\t\t\t\t\t<\/div>\n\t\t\t\t<\/div>\n\t\t\t\t<div class=\"elementor-element elementor-element-15e966f elementor-pagination-position-outside elementor--h-position-center elementor--v-position-middle elementor-arrows-position-inside elementor-widget elementor-widget-slides\" data-id=\"15e966f\" data-element_type=\"widget\" data-e-type=\"widget\" data-settings=\"{&quot;transition&quot;:&quot;fade&quot;,&quot;navigation&quot;:&quot;both&quot;,&quot;autoplay&quot;:&quot;yes&quot;,&quot;pause_on_hover&quot;:&quot;yes&quot;,&quot;pause_on_interaction&quot;:&quot;yes&quot;,&quot;autoplay_speed&quot;:5000,&quot;infinite&quot;:&quot;yes&quot;,&quot;transition_speed&quot;:500}\" data-widget_type=\"slides.default\">\n\t\t\t\t<div class=\"elementor-widget-container\">\n\t\t\t\t\t\t\t\t\t<div class=\"elementor-swiper\">\n\t\t\t\t\t<div class=\"elementor-slides-wrapper elementor-main-swiper swiper\" role=\"region\" aria-roledescription=\"carousel\" aria-label=\"Slides\" dir=\"ltr\" data-animation=\"fadeInRight\">\n\t\t\t\t<div class=\"swiper-wrapper elementor-slides\">\n\t\t\t\t\t\t\t\t\t\t<div class=\"elementor-repeater-item-9faed46 swiper-slide\" role=\"group\" aria-roledescription=\"slide\"><div class=\"swiper-slide-bg\" role=\"img\" aria-label=\"\u0160e\u0161kin\u0117 Photo Saulius \u017di\u016bra ENG\"><\/div><div class=\"swiper-slide-inner\" ><div class=\"swiper-slide-contents\"><\/div><\/div><\/div><div class=\"elementor-repeater-item-1349816 swiper-slide\" role=\"group\" aria-roledescription=\"slide\"><div class=\"swiper-slide-bg\" role=\"img\" aria-label=\"\u0160e\u0161kln\u0117, atrinkta\"><\/div><div class=\"swiper-slide-inner\" ><div class=\"swiper-slide-contents\"><\/div><\/div><\/div><div class=\"elementor-repeater-item-a12769a swiper-slide\" role=\"group\" aria-roledescription=\"slide\"><div class=\"swiper-slide-bg\" role=\"img\" aria-label=\"\u0160e\u0161kin\u0117 atrinkta\"><\/div><div class=\"swiper-slide-inner\" ><div class=\"swiper-slide-contents\"><\/div><\/div><\/div>\t\t\t\t<\/div>\n\t\t\t\t\t\t\t\t\t\t\t\t\t\t\t<div class=\"elementor-swiper-button elementor-swiper-button-prev\" role=\"button\" tabindex=\"0\" aria-label=\"Previous slide\">\n\t\t\t\t\t\t\t<i aria-hidden=\"true\" class=\"eicon-chevron-left\"><\/i>\t\t\t\t\t\t<\/div>\n\t\t\t\t\t\t<div class=\"elementor-swiper-button elementor-swiper-button-next\" role=\"button\" tabindex=\"0\" aria-label=\"Next slide\">\n\t\t\t\t\t\t\t<i aria-hidden=\"true\" class=\"eicon-chevron-right\"><\/i>\t\t\t\t\t\t<\/div>\n\t\t\t\t\t\t\t\t\t\t\t\t\t\t\t\t<div class=\"swiper-pagination\"><\/div>\n\t\t\t\t\t\t\t\t\t\t\t\t<\/div>\n\t\t\t\t<\/div>\n\t\t\t\t\t\t\t\t<\/div>\n\t\t\t\t<\/div>\n\t\t\t\t<\/div>\n\t\t<div class=\"elementor-element elementor-element-de2d6ab e-con-full e-flex e-con e-child\" data-id=\"de2d6ab\" data-element_type=\"container\" data-e-type=\"container\">\n\t\t\t\t<div class=\"elementor-element elementor-element-880010f elementor-widget elementor-widget-heading\" data-id=\"880010f\" data-element_type=\"widget\" data-e-type=\"widget\" data-widget_type=\"heading.default\">\n\t\t\t\t<div class=\"elementor-widget-container\">\n\t\t\t\t\t<h2 class=\"elementor-heading-title elementor-size-default\">Policijos automobiliai ir did\u017eiulis protestas Vilniaus senamiestyje<\/h2>\t\t\t\t<\/div>\n\t\t\t\t<\/div>\n\t\t\t\t<div class=\"elementor-element elementor-element-4bfeb8c elementor-widget elementor-widget-text-editor\" data-id=\"4bfeb8c\" data-element_type=\"widget\" data-e-type=\"widget\" data-widget_type=\"text-editor.default\">\n\t\t\t\t<div class=\"elementor-widget-container\">\n\t\t\t\t\t\t\t\t\t<p>\u017di\u016br\u0117j\u0119 \u201eYoung Wallander\u201c neabejotinai atpa\u017eino ir \u012fvairias Vilniaus senamies\u010dio vietas. Pagrindinis serialo veik\u0117jas vaik\u0161tin\u0117jo naktin\u0117mis miesto gatv\u0117mis, Gedimino prospektu va\u017eiavo policijos automobiliai, \u012fvairios scenos buvo filmuojamos ir Bernardin\u0173, Stikli\u0173, Auk\u0161tai\u010di\u0173, Pilies gatv\u0117se.<\/p><p>Viena masi\u0161kiausi\u0173 centrin\u0117je miesto dalyje filmuot\u0173 scen\u0173 \u2013 visuomen\u0117s protestas \u2013 vyko Vilniaus gatv\u0117je. \u010cia pasirod\u0117 daugyb\u0117 plakatais ne\u0161in\u0173, skanduojan\u010di\u0173 \u017emoni\u0173, o kitoje protesto barikad\u0173 pus\u0117je atsid\u016br\u0117 pagrindinis veik\u0117jas Kurtas Valanderis.<\/p>\t\t\t\t\t\t\t\t<\/div>\n\t\t\t\t<\/div>\n\t\t\t\t<div class=\"elementor-element elementor-element-226d92f elementor-pagination-position-outside elementor--h-position-center elementor--v-position-middle elementor-arrows-position-inside elementor-widget elementor-widget-slides\" data-id=\"226d92f\" data-element_type=\"widget\" data-e-type=\"widget\" data-settings=\"{&quot;transition&quot;:&quot;fade&quot;,&quot;navigation&quot;:&quot;both&quot;,&quot;autoplay&quot;:&quot;yes&quot;,&quot;pause_on_hover&quot;:&quot;yes&quot;,&quot;pause_on_interaction&quot;:&quot;yes&quot;,&quot;autoplay_speed&quot;:5000,&quot;infinite&quot;:&quot;yes&quot;,&quot;transition_speed&quot;:500}\" data-widget_type=\"slides.default\">\n\t\t\t\t<div class=\"elementor-widget-container\">\n\t\t\t\t\t\t\t\t\t<div class=\"elementor-swiper\">\n\t\t\t\t\t<div class=\"elementor-slides-wrapper elementor-main-swiper swiper\" role=\"region\" aria-roledescription=\"carousel\" aria-label=\"Slides\" dir=\"ltr\" data-animation=\"fadeInRight\">\n\t\t\t\t<div class=\"swiper-wrapper elementor-slides\">\n\t\t\t\t\t\t\t\t\t\t<div class=\"elementor-repeater-item-9faed46 swiper-slide\" role=\"group\" aria-roledescription=\"slide\"><div class=\"swiper-slide-bg\" role=\"img\" aria-label=\"ENG\"><\/div><div class=\"swiper-slide-inner\" ><div class=\"swiper-slide-contents\"><\/div><\/div><\/div><div class=\"elementor-repeater-item-1349816 swiper-slide\" role=\"group\" aria-roledescription=\"slide\"><div class=\"swiper-slide-bg\" role=\"img\" aria-label=\"credits Vilnius Film Office Vilniaus g Young Wallander\"><\/div><div class=\"swiper-slide-inner\" ><div class=\"swiper-slide-contents\"><\/div><\/div><\/div><div class=\"elementor-repeater-item-a12769a swiper-slide\" role=\"group\" aria-roledescription=\"slide\"><div class=\"swiper-slide-bg\" role=\"img\" aria-label=\"02 credits Vilnius Film Office Vilniaus g Young Wallander\"><\/div><div class=\"swiper-slide-inner\" ><div class=\"swiper-slide-contents\"><\/div><\/div><\/div>\t\t\t\t<\/div>\n\t\t\t\t\t\t\t\t\t\t\t\t\t\t\t<div class=\"elementor-swiper-button elementor-swiper-button-prev\" role=\"button\" tabindex=\"0\" aria-label=\"Previous slide\">\n\t\t\t\t\t\t\t<i aria-hidden=\"true\" class=\"eicon-chevron-left\"><\/i>\t\t\t\t\t\t<\/div>\n\t\t\t\t\t\t<div class=\"elementor-swiper-button elementor-swiper-button-next\" role=\"button\" tabindex=\"0\" aria-label=\"Next slide\">\n\t\t\t\t\t\t\t<i aria-hidden=\"true\" class=\"eicon-chevron-right\"><\/i>\t\t\t\t\t\t<\/div>\n\t\t\t\t\t\t\t\t\t\t\t\t\t\t\t\t<div class=\"swiper-pagination\"><\/div>\n\t\t\t\t\t\t\t\t\t\t\t\t<\/div>\n\t\t\t\t<\/div>\n\t\t\t\t\t\t\t\t<\/div>\n\t\t\t\t<\/div>\n\t\t\t\t<\/div>\n\t\t<div class=\"elementor-element elementor-element-9a05b72 e-con-full e-flex e-con e-child\" data-id=\"9a05b72\" data-element_type=\"container\" data-e-type=\"container\">\n\t\t\t\t<div class=\"elementor-element elementor-element-45cb1c1 elementor-widget elementor-widget-heading\" data-id=\"45cb1c1\" data-element_type=\"widget\" data-e-type=\"widget\" data-widget_type=\"heading.default\">\n\t\t\t\t<div class=\"elementor-widget-container\">\n\t\t\t\t\t<h2 class=\"elementor-heading-title elementor-size-default\">Legendiniai Lietuvos ra\u0161ytoj\u0173 s\u0105jungos r\u016bmai<\/h2>\t\t\t\t<\/div>\n\t\t\t\t<\/div>\n\t\t\t\t<div class=\"elementor-element elementor-element-260523c elementor-widget elementor-widget-text-editor\" data-id=\"260523c\" data-element_type=\"widget\" data-e-type=\"widget\" data-widget_type=\"text-editor.default\">\n\t\t\t\t<div class=\"elementor-widget-container\">\n\t\t\t\t\t\t\t\t\t<p>Lietuvos ra\u0161ytoj\u0173 s\u0105jungos erdv\u0117s, menan\u010dios XIX a. \u2013 vieni gra\u017eiausi\u0173 r\u016bm\u0173 Vilniuje. \u0160io pastato sienos liudija Vilniaus literat\u016bros istorij\u0105 \u2013 tiek sovietini\u0173, tiek Nepriklausomyb\u0117s laik\u0173. \u010cia gyveno ir k\u016br\u0117 ra\u0161ytojai, veik\u0117 vie\u0161butis, o pirmame auk\u0161te veikusioje kavin\u0117je rinkdavosi menininkai. \u0160iame pastate galima rasti vien\u0105 gra\u017eiausi\u0173 ir \u012fsp\u016bdingiausi\u0173 Lietuvoje i\u0161likusi\u0173 neobarokinio stiliaus interjer\u0173, kuris sudomino ir serialo \u201eYoung Wallander\u201c k\u016br\u0117jus.<\/p>\t\t\t\t\t\t\t\t<\/div>\n\t\t\t\t<\/div>\n\t\t\t\t<\/div>\n\t\t<div class=\"elementor-element elementor-element-ee44c28 e-con-full e-flex e-con e-child\" data-id=\"ee44c28\" data-element_type=\"container\" data-e-type=\"container\">\n\t\t\t\t<div class=\"elementor-element elementor-element-c9bd25a elementor-widget elementor-widget-heading\" data-id=\"c9bd25a\" data-element_type=\"widget\" data-e-type=\"widget\" data-widget_type=\"heading.default\">\n\t\t\t\t<div class=\"elementor-widget-container\">\n\t\t\t\t\t<h2 class=\"elementor-heading-title elementor-size-default\">Atgyjantis Luki\u0161ki\u0173 kal\u0117jimas<\/h2>\t\t\t\t<\/div>\n\t\t\t\t<\/div>\n\t\t\t\t<div class=\"elementor-element elementor-element-f695d9d elementor-widget elementor-widget-text-editor\" data-id=\"f695d9d\" data-element_type=\"widget\" data-e-type=\"widget\" data-widget_type=\"text-editor.default\">\n\t\t\t\t<div class=\"elementor-widget-container\">\n\t\t\t\t\t\t\t\t\t<p>Pastaraisiais metais Luki\u0161ki\u0173 kal\u0117jimas tampa populiaria \u012fvairi\u0173 film\u0173 ir TV serial\u0173 filmavimo vieta. Luki\u0161ki\u0173 kal\u0117jimas \u0161iandien veikia kaip meno ir kult\u016bros erdv\u0117. Visgi prie\u0161 \u0161imtmet\u012f, Lietuvai esant Rusijos imperijos sud\u0117tyje, tai buvo viena moderniausi\u0173 \u012fkalinimo \u012fstaig\u0173. Nuteistieji \u010dia buvo kalinami iki pat 2019 m. \u2013 per Pasaulinius karus, sovietme\u010diu ir Lietuvai atgavus nepriklausomyb\u0119.<\/p><p>Luki\u0161ki\u0173 kal\u0117jimas film\u0173 k\u016br\u0117jus traukia savo universalumu. \u010cia buvo filmuotos ne tik \u012fkalinimo \u012fstaig\u0173 scenos \u2013 \u0161i vieta yra tapusi ir erdviu naktiniu klubu. Luki\u0161ki\u0173 kal\u0117jime filmuoti TV serialai \u201eStranger Things\u201c, \u201eClark\u201c, filmas \u201eKompromat\u201c ir daugyb\u0117 kit\u0173 film\u0173 projekt\u0173.<\/p>\t\t\t\t\t\t\t\t<\/div>\n\t\t\t\t<\/div>\n\t\t\t\t<div class=\"elementor-element elementor-element-fd5d824 elementor-widget elementor-widget-image\" data-id=\"fd5d824\" data-element_type=\"widget\" data-e-type=\"widget\" data-widget_type=\"image.default\">\n\t\t\t\t<div class=\"elementor-widget-container\">\n\t\t\t\t\t\t\t\t\t\t\t\t\t\t\t<img fetchpriority=\"high\" decoding=\"async\" width=\"1200\" height=\"1006\" src=\"https:\/\/filmvilnius.com\/wp-content\/uploads\/2023\/01\/ENG-2.png\" class=\"attachment-full size-full wp-image-15815\" alt=\"\" srcset=\"https:\/\/filmvilnius.com\/wp-content\/uploads\/2023\/01\/ENG-2.png 1200w, https:\/\/filmvilnius.com\/wp-content\/uploads\/2023\/01\/ENG-2-300x252.png 300w, https:\/\/filmvilnius.com\/wp-content\/uploads\/2023\/01\/ENG-2-1024x858.png 1024w, https:\/\/filmvilnius.com\/wp-content\/uploads\/2023\/01\/ENG-2-768x644.png 768w\" sizes=\"(max-width: 1200px) 100vw, 1200px\" \/>\t\t\t\t\t\t\t\t\t\t\t\t\t\t\t<\/div>\n\t\t\t\t<\/div>\n\t\t\t\t<\/div>\n\t\t<div class=\"elementor-element elementor-element-2d34e0e e-con-full e-flex e-con e-child\" data-id=\"2d34e0e\" data-element_type=\"container\" data-e-type=\"container\">\n\t\t\t\t<div class=\"elementor-element elementor-element-c795dca elementor-widget elementor-widget-heading\" data-id=\"c795dca\" data-element_type=\"widget\" data-e-type=\"widget\" data-widget_type=\"heading.default\">\n\t\t\t\t<div class=\"elementor-widget-container\">\n\t\t\t\t\t<h2 class=\"elementor-heading-title elementor-size-default\">Pasivaik\u0161\u010diojimams \u2013 Sapieg\u0173 r\u016bm\u0173 parkas<\/h2>\t\t\t\t<\/div>\n\t\t\t\t<\/div>\n\t\t\t\t<div class=\"elementor-element elementor-element-092fffb elementor-widget elementor-widget-text-editor\" data-id=\"092fffb\" data-element_type=\"widget\" data-e-type=\"widget\" data-widget_type=\"text-editor.default\">\n\t\t\t\t<div class=\"elementor-widget-container\">\n\t\t\t\t\t\t\t\t\t<div class=\"wpb_text_column wpb_content_element \"><div class=\"wpb_wrapper\"><p>Sapieg\u0173 parkas \u012fsik\u016br\u0119s Antakalnyje, kur XVII a. buvo pastatyti did\u017eiojo etmono Kazimiero Jono Sapiegos baroko stiliaus r\u016bmai. Iki \u0161i\u0173 dien\u0173 i\u0161likusi park\u0105 juosianti siena ir senieji parko med\u017eiai, anuomet paplit\u0119s parko i\u0161planavimas. \u0160iandien parke \u012fsik\u016br\u0119s Vilnius Tech Park, \u0161iltuoju metu veikia vasaros skaityklos, \u017ealiuoja seniausias miesto medis, u\u017esukti kvie\u010dia jaukios kavin\u0117s.<\/p><p>Viename seniausi\u0173 Vilniaus park\u0173 buvo filmuota svarbi serialo scena \u2013 \u010dia stov\u0117jo policijos ma\u0161inos ir i\u0161minuotoj\u0173 paj\u0117gos, o veik\u0117jai band\u0117 i\u0161vengti galimai u\u017eminuotos bombos sprogimo.<\/p><\/div><\/div>\t\t\t\t\t\t\t\t<\/div>\n\t\t\t\t<\/div>\n\t\t\t\t<\/div>\n\t\t<div class=\"elementor-element elementor-element-ead80e7 e-con-full e-flex e-con e-child\" data-id=\"ead80e7\" data-element_type=\"container\" data-e-type=\"container\">\n\t\t\t\t<div class=\"elementor-element elementor-element-2bdb047 elementor-widget elementor-widget-heading\" data-id=\"2bdb047\" data-element_type=\"widget\" data-e-type=\"widget\" data-widget_type=\"heading.default\">\n\t\t\t\t<div class=\"elementor-widget-container\">\n\t\t\t\t\t<h2 class=\"elementor-heading-title elementor-size-default\">Seriale \u2013 sostin\u0117s restoranai<\/h2>\t\t\t\t<\/div>\n\t\t\t\t<\/div>\n\t\t\t\t<div class=\"elementor-element elementor-element-a18e8e9 elementor-widget elementor-widget-text-editor\" data-id=\"a18e8e9\" data-element_type=\"widget\" data-e-type=\"widget\" data-widget_type=\"text-editor.default\">\n\t\t\t\t<div class=\"elementor-widget-container\">\n\t\t\t\t\t\t\t\t\t<div class=\"wpb_text_column wpb_content_element \"><div class=\"wpb_wrapper\">\u201eYoung Wallander\u201c galima i\u0161vysti ne tik gerai \u017einomus Vilniaus pastatus, bet ir restoranus, naktini\u0173 pramog\u0173 vietas. Keletas serialo scen\u0173 filmuota arm\u0117ni\u0161kos virtuv\u0117s restorane \u201eArarat\u201c, perujieti\u0161ko skonio virtuv\u0119 pristatan\u010dioje \u201ePachamamoje\u201c bei \u012f naktinius renginius pasinerti kvie\u010dian\u010diame bare \u201ePeronas\u201c.<\/div><\/div>\t\t\t\t\t\t\t\t<\/div>\n\t\t\t\t<\/div>\n\t\t\t\t<\/div>\n\t\t<div class=\"elementor-element elementor-element-416fa47 e-con-full e-flex e-con e-child\" data-id=\"416fa47\" data-element_type=\"container\" data-e-type=\"container\">\n\t\t\t\t<div class=\"elementor-element elementor-element-9697b76 elementor-widget elementor-widget-heading\" data-id=\"9697b76\" data-element_type=\"widget\" data-e-type=\"widget\" data-widget_type=\"heading.default\">\n\t\t\t\t<div class=\"elementor-widget-container\">\n\t\t\t\t\t<h2 class=\"elementor-heading-title elementor-size-default\">Filmuota keliose de\u0161imtyse Vilniaus viet\u0173<\/h2>\t\t\t\t<\/div>\n\t\t\t\t<\/div>\n\t\t\t\t<div class=\"elementor-element elementor-element-856e684 elementor-widget elementor-widget-text-editor\" data-id=\"856e684\" data-element_type=\"widget\" data-e-type=\"widget\" data-widget_type=\"text-editor.default\">\n\t\t\t\t<div class=\"elementor-widget-container\">\n\t\t\t\t\t\t\t\t\t<div class=\"wpb_text_column wpb_content_element \"><div class=\"wpb_wrapper\"><p>\u201eYoung Wallander\u201c buvo filmuotas ne tik auk\u0161\u010diau i\u0161vardintose vietose, bet ir men\u0173 fabrike \u201eLoftas\u201c, po\u017eemin\u0117je per\u0117joje prie CUP prekybos centro, LNK \u017eini\u0173 studijoje, Sereiki\u0161ki\u0173 parko teniso aik\u0161tyne, Lietuvos futbolo federacijos stadione ir kitose miesto lokacijose. Seriale filmavosi ir lietuvi\u0173 aktoriai, tarp kuri\u0173 \u2013 Jolanta Dapk\u016bnait\u0117 ir Paulius Markevi\u010dius.<\/p><p>Jei norite pasivaik\u0161\u010dioti serialo filmavimo vietose \u2013 kvie\u010diame i\u0161bandyti \u017eemiau esant\u012f mar\u0161rut\u0105.<\/p><\/div><\/div>\t\t\t\t\t\t\t\t<\/div>\n\t\t\t\t<\/div>\n\t\t\t\t<div class=\"elementor-element elementor-element-3d22e00 elementor-widget elementor-widget-text-editor\" data-id=\"3d22e00\" data-element_type=\"widget\" data-e-type=\"widget\" data-widget_type=\"text-editor.default\">\n\t\t\t\t<div class=\"elementor-widget-container\">\n\t\t\t\t\t\t\t\t\t<iframe src=\"https:\/\/www.google.com\/maps\/d\/u\/0\/embed?mid=1_QERjSct3HTbiRhmWmpN0VVYp84JAuU&#038;ehbc=2E312F\" width=\"640\" height=\"480\"><\/iframe>\t\t\t\t\t\t\t\t<\/div>\n\t\t\t\t<\/div>\n\t\t\t\t<\/div>\n\t\t\t\t\t<\/div>\n\t\t\t\t<\/div>\n\t\t\t\t<\/div>\n\t\t","protected":false},"excerpt":{"rendered":"<p>https:\/\/www.youtube.com\/watch?v=t9rYPlh18Uo&#038;t=19s Jei m\u0117gstate detektyvus, tikriausiai \u017ei\u016br\u0117jote \u201eNetflix\u201c serial\u0105 \u201eYoung Wallander\u201c (Jaunasis Valanderis), \u012fkv\u0117pt\u0105 did\u017eiulio populiarumo sulaukusi\u0173 Henning Mankell roman\u0173. Nors istorijos veiksmas vyksta \u0161iuolaikin\u0117je \u0160vedijoje, serialas buvo filmuojamas i\u0161skirtinai Lietuvoje. Vilniaus kino biuras kvie\u010dia leistis \u012f pasivaik\u0161\u010diojim\u0105 Vilniaus gatv\u0117mis, kuriose \u2013\u00a0 mylimo \u0161ved\u0173 detektyvo p\u0117dsakai! TV serialo pagrindinis herojus \u2013 kultinis persona\u017eas detektyvas Kurtas Valanderis. [&hellip;]<\/p>\n","protected":false},"author":7,"featured_media":0,"parent":0,"menu_order":0,"comment_status":"closed","ping_status":"closed","template":"","meta":{"_acf_changed":false,"_monsterinsights_skip_tracking":false,"_monsterinsights_sitenote_active":false,"_monsterinsights_sitenote_note":"","_monsterinsights_sitenote_category":0,"footnotes":""},"class_list":["post-20506","page","type-page","status-publish","hentry"],"acf":[],"yoast_head":"<!-- This site is optimized with the Yoast SEO plugin v27.4 - https:\/\/yoast.com\/product\/yoast-seo-wordpress\/ -->\n<title>\u201eNetflix\u201c filmo \u201eYoung Wallander\u201c p\u0117dsakai veda \u012f Vilni\u0173 - Vilnius film office<\/title>\n<meta name=\"robots\" content=\"index, follow, max-snippet:-1, max-image-preview:large, max-video-preview:-1\" \/>\n<link rel=\"canonical\" href=\"https:\/\/filmvilnius.com\/lt\/netflix-serialo-young-wallander-pedsakai-veda-i-vilniu\/\" \/>\n<meta property=\"og:locale\" content=\"lt_LT\" \/>\n<meta property=\"og:type\" content=\"article\" \/>\n<meta property=\"og:title\" content=\"\u201eNetflix\u201c filmo \u201eYoung Wallander\u201c p\u0117dsakai veda \u012f Vilni\u0173 - Vilnius film office\" \/>\n<meta property=\"og:description\" content=\"https:\/\/www.youtube.com\/watch?v=t9rYPlh18Uo&#038;t=19s Jei m\u0117gstate detektyvus, tikriausiai \u017ei\u016br\u0117jote \u201eNetflix\u201c serial\u0105 \u201eYoung Wallander\u201c (Jaunasis Valanderis), \u012fkv\u0117pt\u0105 did\u017eiulio populiarumo sulaukusi\u0173 Henning Mankell roman\u0173. Nors istorijos veiksmas vyksta \u0161iuolaikin\u0117je \u0160vedijoje, serialas buvo filmuojamas i\u0161skirtinai Lietuvoje. Vilniaus kino biuras kvie\u010dia leistis \u012f pasivaik\u0161\u010diojim\u0105 Vilniaus gatv\u0117mis, kuriose \u2013\u00a0 mylimo \u0161ved\u0173 detektyvo p\u0117dsakai! TV serialo pagrindinis herojus \u2013 kultinis persona\u017eas detektyvas Kurtas Valanderis. [&hellip;]\" \/>\n<meta property=\"og:url\" content=\"https:\/\/filmvilnius.com\/lt\/netflix-serialo-young-wallander-pedsakai-veda-i-vilniu\/\" \/>\n<meta property=\"og:site_name\" content=\"Vilnius film office\" \/>\n<meta property=\"article:publisher\" content=\"https:\/\/www.facebook.com\/filmvilnius\" \/>\n<meta property=\"article:modified_time\" content=\"2023-11-29T11:23:34+00:00\" \/>\n<meta property=\"og:image\" content=\"https:\/\/filmvilnius.com\/wp-content\/uploads\/2023\/01\/ENG-2.png\" \/>\n<meta name=\"twitter:card\" content=\"summary_large_image\" \/>\n<meta name=\"twitter:site\" content=\"@FilmVilnius\" \/>\n<meta name=\"twitter:label1\" content=\"Est. reading time\" \/>\n\t<meta name=\"twitter:data1\" content=\"4 minut\u0117s\" \/>\n<script type=\"application\/ld+json\" class=\"yoast-schema-graph\">{\"@context\":\"https:\\\/\\\/schema.org\",\"@graph\":[{\"@type\":\"WebPage\",\"@id\":\"https:\\\/\\\/filmvilnius.com\\\/lt\\\/netflix-serialo-young-wallander-pedsakai-veda-i-vilniu\\\/\",\"url\":\"https:\\\/\\\/filmvilnius.com\\\/lt\\\/netflix-serialo-young-wallander-pedsakai-veda-i-vilniu\\\/\",\"name\":\"\u201eNetflix\u201c filmo \u201eYoung Wallander\u201c p\u0117dsakai veda \u012f Vilni\u0173 - Vilnius film office\",\"isPartOf\":{\"@id\":\"https:\\\/\\\/filmvilnius.com\\\/#website\"},\"primaryImageOfPage\":{\"@id\":\"https:\\\/\\\/filmvilnius.com\\\/lt\\\/netflix-serialo-young-wallander-pedsakai-veda-i-vilniu\\\/#primaryimage\"},\"image\":{\"@id\":\"https:\\\/\\\/filmvilnius.com\\\/lt\\\/netflix-serialo-young-wallander-pedsakai-veda-i-vilniu\\\/#primaryimage\"},\"thumbnailUrl\":\"https:\\\/\\\/filmvilnius.com\\\/wp-content\\\/uploads\\\/2023\\\/01\\\/ENG-2.png\",\"datePublished\":\"2023-10-30T10:25:02+00:00\",\"dateModified\":\"2023-11-29T11:23:34+00:00\",\"breadcrumb\":{\"@id\":\"https:\\\/\\\/filmvilnius.com\\\/lt\\\/netflix-serialo-young-wallander-pedsakai-veda-i-vilniu\\\/#breadcrumb\"},\"inLanguage\":\"lt-LT\",\"potentialAction\":[{\"@type\":\"ReadAction\",\"target\":[\"https:\\\/\\\/filmvilnius.com\\\/lt\\\/netflix-serialo-young-wallander-pedsakai-veda-i-vilniu\\\/\"]}]},{\"@type\":\"ImageObject\",\"inLanguage\":\"lt-LT\",\"@id\":\"https:\\\/\\\/filmvilnius.com\\\/lt\\\/netflix-serialo-young-wallander-pedsakai-veda-i-vilniu\\\/#primaryimage\",\"url\":\"https:\\\/\\\/filmvilnius.com\\\/wp-content\\\/uploads\\\/2023\\\/01\\\/ENG-2.png\",\"contentUrl\":\"https:\\\/\\\/filmvilnius.com\\\/wp-content\\\/uploads\\\/2023\\\/01\\\/ENG-2.png\"},{\"@type\":\"BreadcrumbList\",\"@id\":\"https:\\\/\\\/filmvilnius.com\\\/lt\\\/netflix-serialo-young-wallander-pedsakai-veda-i-vilniu\\\/#breadcrumb\",\"itemListElement\":[{\"@type\":\"ListItem\",\"position\":1,\"name\":\"Home\",\"item\":\"https:\\\/\\\/filmvilnius.com\\\/lt\\\/\"},{\"@type\":\"ListItem\",\"position\":2,\"name\":\"\u201eNetflix\u201c filmo \u201eYoung Wallander\u201c p\u0117dsakai veda \u012f Vilni\u0173\"}]},{\"@type\":\"WebSite\",\"@id\":\"https:\\\/\\\/filmvilnius.com\\\/#website\",\"url\":\"https:\\\/\\\/filmvilnius.com\\\/\",\"name\":\"Vilnius film office\",\"description\":\"\",\"publisher\":{\"@id\":\"https:\\\/\\\/filmvilnius.com\\\/#organization\"},\"potentialAction\":[{\"@type\":\"SearchAction\",\"target\":{\"@type\":\"EntryPoint\",\"urlTemplate\":\"https:\\\/\\\/filmvilnius.com\\\/?s={search_term_string}\"},\"query-input\":{\"@type\":\"PropertyValueSpecification\",\"valueRequired\":true,\"valueName\":\"search_term_string\"}}],\"inLanguage\":\"lt-LT\"},{\"@type\":\"Organization\",\"@id\":\"https:\\\/\\\/filmvilnius.com\\\/#organization\",\"name\":\"Vilniaus kino biuras\",\"url\":\"https:\\\/\\\/filmvilnius.com\\\/\",\"logo\":{\"@type\":\"ImageObject\",\"inLanguage\":\"lt-LT\",\"@id\":\"https:\\\/\\\/filmvilnius.com\\\/#\\\/schema\\\/logo\\\/image\\\/\",\"url\":\"https:\\\/\\\/filmvilnius.com\\\/wp-content\\\/uploads\\\/2022\\\/12\\\/VKB-Logo-2022-EN-2-V.jpg\",\"contentUrl\":\"https:\\\/\\\/filmvilnius.com\\\/wp-content\\\/uploads\\\/2022\\\/12\\\/VKB-Logo-2022-EN-2-V.jpg\",\"width\":1419,\"height\":1418,\"caption\":\"Vilniaus kino biuras\"},\"image\":{\"@id\":\"https:\\\/\\\/filmvilnius.com\\\/#\\\/schema\\\/logo\\\/image\\\/\"},\"sameAs\":[\"https:\\\/\\\/www.facebook.com\\\/filmvilnius\",\"https:\\\/\\\/x.com\\\/FilmVilnius\",\"https:\\\/\\\/www.instagram.com\\\/filmvilnius\\\/\"]}]}<\/script>\n<!-- \/ Yoast SEO plugin. -->","yoast_head_json":{"title":"\u201eNetflix\u201c filmo \u201eYoung Wallander\u201c p\u0117dsakai veda \u012f Vilni\u0173 - Vilnius film office","robots":{"index":"index","follow":"follow","max-snippet":"max-snippet:-1","max-image-preview":"max-image-preview:large","max-video-preview":"max-video-preview:-1"},"canonical":"https:\/\/filmvilnius.com\/lt\/netflix-serialo-young-wallander-pedsakai-veda-i-vilniu\/","og_locale":"lt_LT","og_type":"article","og_title":"\u201eNetflix\u201c filmo \u201eYoung Wallander\u201c p\u0117dsakai veda \u012f Vilni\u0173 - Vilnius film office","og_description":"https:\/\/www.youtube.com\/watch?v=t9rYPlh18Uo&#038;t=19s Jei m\u0117gstate detektyvus, tikriausiai \u017ei\u016br\u0117jote \u201eNetflix\u201c serial\u0105 \u201eYoung Wallander\u201c (Jaunasis Valanderis), \u012fkv\u0117pt\u0105 did\u017eiulio populiarumo sulaukusi\u0173 Henning Mankell roman\u0173. Nors istorijos veiksmas vyksta \u0161iuolaikin\u0117je \u0160vedijoje, serialas buvo filmuojamas i\u0161skirtinai Lietuvoje. Vilniaus kino biuras kvie\u010dia leistis \u012f pasivaik\u0161\u010diojim\u0105 Vilniaus gatv\u0117mis, kuriose \u2013\u00a0 mylimo \u0161ved\u0173 detektyvo p\u0117dsakai! TV serialo pagrindinis herojus \u2013 kultinis persona\u017eas detektyvas Kurtas Valanderis. [&hellip;]","og_url":"https:\/\/filmvilnius.com\/lt\/netflix-serialo-young-wallander-pedsakai-veda-i-vilniu\/","og_site_name":"Vilnius film office","article_publisher":"https:\/\/www.facebook.com\/filmvilnius","article_modified_time":"2023-11-29T11:23:34+00:00","og_image":[{"url":"https:\/\/filmvilnius.com\/wp-content\/uploads\/2023\/01\/ENG-2.png","type":"","width":"","height":""}],"twitter_card":"summary_large_image","twitter_site":"@FilmVilnius","twitter_misc":{"Est. reading time":"4 minut\u0117s"},"schema":{"@context":"https:\/\/schema.org","@graph":[{"@type":"WebPage","@id":"https:\/\/filmvilnius.com\/lt\/netflix-serialo-young-wallander-pedsakai-veda-i-vilniu\/","url":"https:\/\/filmvilnius.com\/lt\/netflix-serialo-young-wallander-pedsakai-veda-i-vilniu\/","name":"\u201eNetflix\u201c filmo \u201eYoung Wallander\u201c p\u0117dsakai veda \u012f Vilni\u0173 - Vilnius film office","isPartOf":{"@id":"https:\/\/filmvilnius.com\/#website"},"primaryImageOfPage":{"@id":"https:\/\/filmvilnius.com\/lt\/netflix-serialo-young-wallander-pedsakai-veda-i-vilniu\/#primaryimage"},"image":{"@id":"https:\/\/filmvilnius.com\/lt\/netflix-serialo-young-wallander-pedsakai-veda-i-vilniu\/#primaryimage"},"thumbnailUrl":"https:\/\/filmvilnius.com\/wp-content\/uploads\/2023\/01\/ENG-2.png","datePublished":"2023-10-30T10:25:02+00:00","dateModified":"2023-11-29T11:23:34+00:00","breadcrumb":{"@id":"https:\/\/filmvilnius.com\/lt\/netflix-serialo-young-wallander-pedsakai-veda-i-vilniu\/#breadcrumb"},"inLanguage":"lt-LT","potentialAction":[{"@type":"ReadAction","target":["https:\/\/filmvilnius.com\/lt\/netflix-serialo-young-wallander-pedsakai-veda-i-vilniu\/"]}]},{"@type":"ImageObject","inLanguage":"lt-LT","@id":"https:\/\/filmvilnius.com\/lt\/netflix-serialo-young-wallander-pedsakai-veda-i-vilniu\/#primaryimage","url":"https:\/\/filmvilnius.com\/wp-content\/uploads\/2023\/01\/ENG-2.png","contentUrl":"https:\/\/filmvilnius.com\/wp-content\/uploads\/2023\/01\/ENG-2.png"},{"@type":"BreadcrumbList","@id":"https:\/\/filmvilnius.com\/lt\/netflix-serialo-young-wallander-pedsakai-veda-i-vilniu\/#breadcrumb","itemListElement":[{"@type":"ListItem","position":1,"name":"Home","item":"https:\/\/filmvilnius.com\/lt\/"},{"@type":"ListItem","position":2,"name":"\u201eNetflix\u201c filmo \u201eYoung Wallander\u201c p\u0117dsakai veda \u012f Vilni\u0173"}]},{"@type":"WebSite","@id":"https:\/\/filmvilnius.com\/#website","url":"https:\/\/filmvilnius.com\/","name":"Vilnius film office","description":"","publisher":{"@id":"https:\/\/filmvilnius.com\/#organization"},"potentialAction":[{"@type":"SearchAction","target":{"@type":"EntryPoint","urlTemplate":"https:\/\/filmvilnius.com\/?s={search_term_string}"},"query-input":{"@type":"PropertyValueSpecification","valueRequired":true,"valueName":"search_term_string"}}],"inLanguage":"lt-LT"},{"@type":"Organization","@id":"https:\/\/filmvilnius.com\/#organization","name":"Vilniaus kino biuras","url":"https:\/\/filmvilnius.com\/","logo":{"@type":"ImageObject","inLanguage":"lt-LT","@id":"https:\/\/filmvilnius.com\/#\/schema\/logo\/image\/","url":"https:\/\/filmvilnius.com\/wp-content\/uploads\/2022\/12\/VKB-Logo-2022-EN-2-V.jpg","contentUrl":"https:\/\/filmvilnius.com\/wp-content\/uploads\/2022\/12\/VKB-Logo-2022-EN-2-V.jpg","width":1419,"height":1418,"caption":"Vilniaus kino biuras"},"image":{"@id":"https:\/\/filmvilnius.com\/#\/schema\/logo\/image\/"},"sameAs":["https:\/\/www.facebook.com\/filmvilnius","https:\/\/x.com\/FilmVilnius","https:\/\/www.instagram.com\/filmvilnius\/"]}]}},"_links":{"self":[{"href":"https:\/\/filmvilnius.com\/lt\/wp-json\/wp\/v2\/pages\/20506","targetHints":{"allow":["GET"]}}],"collection":[{"href":"https:\/\/filmvilnius.com\/lt\/wp-json\/wp\/v2\/pages"}],"about":[{"href":"https:\/\/filmvilnius.com\/lt\/wp-json\/wp\/v2\/types\/page"}],"author":[{"embeddable":true,"href":"https:\/\/filmvilnius.com\/lt\/wp-json\/wp\/v2\/users\/7"}],"replies":[{"embeddable":true,"href":"https:\/\/filmvilnius.com\/lt\/wp-json\/wp\/v2\/comments?post=20506"}],"version-history":[{"count":14,"href":"https:\/\/filmvilnius.com\/lt\/wp-json\/wp\/v2\/pages\/20506\/revisions"}],"predecessor-version":[{"id":22002,"href":"https:\/\/filmvilnius.com\/lt\/wp-json\/wp\/v2\/pages\/20506\/revisions\/22002"}],"wp:attachment":[{"href":"https:\/\/filmvilnius.com\/lt\/wp-json\/wp\/v2\/media?parent=20506"}],"curies":[{"name":"wp","href":"https:\/\/api.w.org\/{rel}","templated":true}]}}