{"id":27237,"date":"2025-05-09T06:54:47","date_gmt":"2025-05-09T06:54:47","guid":{"rendered":"https:\/\/filmvilnius.com\/?page_id=27237"},"modified":"2025-11-18T10:30:35","modified_gmt":"2025-11-18T10:30:35","slug":"skandinaviskas-vilnius-ekrane-nuo-stokholmo-iki-kopenhagos","status":"publish","type":"page","link":"https:\/\/filmvilnius.com\/lt\/skandinaviskas-vilnius-ekrane-nuo-stokholmo-iki-kopenhagos\/","title":{"rendered":"Skandinavi\u0161kas Vilnius: ekrane \u2013 nuo Stokholmo iki Kopenhagos"},"content":{"rendered":"\r\n\r\n\r\n<p>Vilnius pam\u0117gtas Skandinavijos k\u016br\u0117j\u0173 \u2013 sostin\u0117je jau nufilmuota daugyb\u0117 \u0161ved\u0173, suomi\u0173, norveg\u0173, dan\u0173 TV serial\u0173 ir film\u0173. Nuo detektyv\u0173 iki komedij\u0173 ir dram\u0173 \u2013 Vilnius ekrane jau sp\u0117jo \u012fk\u016bnyti Stokholm\u0105, Osl\u0105, Kopenhag\u0105 ir kitus Skandinavijos miestus.\u00a0<\/p>\r\n\r\n\r\n\r\n<p>Vilniaus kino biuras kvie\u010dia pasivaik\u0161\u010dioti Skandinavijos kino k\u016br\u0117j\u0173 takais ir atrasti \u0161iaurieti\u0161k\u0105 Vilni\u0173 bei populiariausias filmavimo lokacijas.\u00a0<\/p>\r\n\r\n\r\n\r\n<p class=\"has-large-font-size\"><strong>Pasa\u017eo skersgatvis \u2013 ateities Kopenhaga<\/strong><\/p>\r\n\r\n\r\n\r\n<p>Mar\u0161rut\u0105 prad\u0117ti si\u016blome Pasa\u017eo skersgatvyje. Tai \u2013 viena populiariausi\u0173 pastar\u0173j\u0173 met\u0173 filmavimams pasirenkam\u0173 lokacij\u0173. \u010cia ir netoliese esan\u010dioje Arkli\u0173 gatv\u0117je filmuotos scenos daugybei serial\u0173 ir film\u0173, \u0161ios gatv\u0117s yra suvaidinusios ir Osl\u0105 bei Kopenhag\u0105.<\/p>\r\n\r\n\r\n\r\n<p>2023 m. Vilniuje prad\u0117tas filmuoti serialas, paremtas Danijos ra\u0161ytojo Peter H\u00f6eg bestseleriu tapusiu romanu \u201ePanel\u0117s Smilos sniego jausmas\u201c. Pagrindin\u0117 serialo veik\u0117ja bandys i\u0161siai\u0161kinti tikr\u0105sias inuit\u0173 imigrant\u0173 vaiko \u017e\u016bties prie\u017eastis, pama\u017eu \u012fsipainiodama \u012f daug platesn\u0119, antgamti\u0161k\u0105 istorij\u0105. Scenos serialui buvo filmuojamos \u012fvairiose Vilniaus Senamies\u010dio vietose, o Pasa\u017eo skersgatvis virto ateities Kopenhaga.<\/p>\r\n\r\n\r\n\r\n<figure class=\"wp-block-image size-large\"><img fetchpriority=\"high\" decoding=\"async\" width=\"1014\" height=\"1024\" class=\"wp-image-27238\" src=\"https:\/\/filmvilnius.com\/wp-content\/uploads\/2025\/05\/Pasazo-skg-1014x1024.jpg\" alt=\"\" srcset=\"https:\/\/filmvilnius.com\/wp-content\/uploads\/2025\/05\/Pasazo-skg-1014x1024.jpg 1014w, https:\/\/filmvilnius.com\/wp-content\/uploads\/2025\/05\/Pasazo-skg-297x300.jpg 297w, https:\/\/filmvilnius.com\/wp-content\/uploads\/2025\/05\/Pasazo-skg-150x150.jpg 150w, https:\/\/filmvilnius.com\/wp-content\/uploads\/2025\/05\/Pasazo-skg-768x775.jpg 768w, https:\/\/filmvilnius.com\/wp-content\/uploads\/2025\/05\/Pasazo-skg.jpg 1229w\" sizes=\"(max-width: 1014px) 100vw, 1014px\" \/>\r\n<figcaption class=\"wp-element-caption\">Pasa\u017eo skg. | Kosto Kaj\u0117no nuotr.<\/figcaption>\r\n<\/figure>\r\n\r\n\r\n\r\n<p class=\"has-large-font-size\"><strong>Vilniaus Rotu\u0161\u0117 <\/strong>\u2013<strong> ir kal\u0117jimas, ir prabang\u016bs r\u016bmai<\/strong><\/p>\r\n\r\n\r\n\r\n<p>Antroji mar\u0161ruto stotel\u0117 \u2013 visai netoliese. Sustoti si\u016blome prie \u0161iandien meno galerijos, ekspozicijos sal\u0117s ir pagrindini\u0173 miesto koncert\u0173 vietos funkcijas atliekan\u010dios Vilniaus Rotu\u0161\u0117s.\u00a0<\/p>\r\n\r\n\r\n\r\n<p>XVIII a. pabaigoje neoklasicistiniu stiliumi paskutin\u012f kart\u0105 rekonstruotas pastatas mena ir daug senesnius laikus \u2013 nuo \u010dia \u012fsik\u016brusio magistrato istorij\u0173 iki buvusio kal\u0117jimo ar g\u0117dos stulpo.\u00a0<\/p>\r\n\r\n\r\n\r\n<p>\u0160iandien pastato prieigos ir interjeras da\u017enai tampa kino k\u016br\u0117j\u0173 traukos centru. Pavyzd\u017eiui, seriale apie \u0161ved\u0173 gangster\u012f Klark\u0105 Olofson\u0105, Vilniaus Rotu\u0161\u0117 tapo teismo pastatu, \u012f kur\u012f pagrindinis veik\u0117jas atve\u017eamas prie\u0161 \u012fkalinim\u0105.<\/p>\r\n\r\n\r\n\r\n<p>Rotu\u0161\u0117s koridorius, menes bei laiptin\u0119 i\u0161vysti galima ir TV seriale \u201eHilma\u201c, pasakojan\u010diame apie \u0161ved\u0173 meninink\u0119 ir mistik\u0119, vien\u0105 pirm\u0173j\u0173 Vakar\u0173 pasaulio abstraktaus meno k\u016br\u0117j\u0173, taip pat feminizmo pradinink\u0119 Hilm\u0105 af Klint (1862\u20131944). Paslaptingi, filosofiniai ir spiritizmo id\u0117jomis paremti meninink\u0117s paveikslai iki \u0161iol kelia daugyb\u0119 klausim\u0173. Apie 1300 jos sukurt\u0173 meno darb\u0173 buvo prakti\u0161kai visi\u0161kai ne\u017einomi pasauliui ilgus de\u0161imtme\u010dius. Beje serialo re\u017eisierius \u2013 Lasse Hallstr\u00f6m, suk\u016br\u0119s tokias juostas kaip \u201eSidro nam\u0173 taisykl\u0117s\u201c, \u201e\u0160okoladas\u201c, \u201eHa\u010diko. \u0160uns istorija\u201c ir daugyb\u0119 kit\u0173.<\/p>\r\n\r\n\r\n\r\n<figure class=\"wp-block-image size-large\"><img decoding=\"async\" width=\"1024\" height=\"683\" class=\"wp-image-27240\" src=\"https:\/\/filmvilnius.com\/wp-content\/uploads\/2025\/05\/DSC08133-1024x683.jpg\" alt=\"\" srcset=\"https:\/\/filmvilnius.com\/wp-content\/uploads\/2025\/05\/DSC08133-1024x683.jpg 1024w, https:\/\/filmvilnius.com\/wp-content\/uploads\/2025\/05\/DSC08133-300x200.jpg 300w, https:\/\/filmvilnius.com\/wp-content\/uploads\/2025\/05\/DSC08133-768x512.jpg 768w, https:\/\/filmvilnius.com\/wp-content\/uploads\/2025\/05\/DSC08133-1536x1025.jpg 1536w, https:\/\/filmvilnius.com\/wp-content\/uploads\/2025\/05\/DSC08133-2048x1366.jpg 2048w\" sizes=\"(max-width: 1024px) 100vw, 1024px\" \/>\r\n<figcaption class=\"wp-element-caption\">Filmuojant \u201eHilm\u0105\u201c | Paprika Films nuotr.<\/figcaption>\r\n<\/figure>\r\n\r\n\r\n\r\n<figure class=\"wp-block-image size-large\"><img decoding=\"async\" width=\"1024\" height=\"768\" class=\"wp-image-27268\" src=\"https:\/\/filmvilnius.com\/wp-content\/uploads\/2025\/05\/cd809745-f199-48b5-87a3-bfb70e88a623-1024x768.jpeg\" alt=\"\" srcset=\"https:\/\/filmvilnius.com\/wp-content\/uploads\/2025\/05\/cd809745-f199-48b5-87a3-bfb70e88a623-1024x768.jpeg 1024w, https:\/\/filmvilnius.com\/wp-content\/uploads\/2025\/05\/cd809745-f199-48b5-87a3-bfb70e88a623-300x225.jpeg 300w, https:\/\/filmvilnius.com\/wp-content\/uploads\/2025\/05\/cd809745-f199-48b5-87a3-bfb70e88a623-768x576.jpeg 768w, https:\/\/filmvilnius.com\/wp-content\/uploads\/2025\/05\/cd809745-f199-48b5-87a3-bfb70e88a623-1536x1152.jpeg 1536w, https:\/\/filmvilnius.com\/wp-content\/uploads\/2025\/05\/cd809745-f199-48b5-87a3-bfb70e88a623.jpeg 1600w\" sizes=\"(max-width: 1024px) 100vw, 1024px\" \/><\/figure>\r\n\r\n\r\n\r\n<p class=\"has-large-font-size\"><strong>\u0160vedijos gyventoj\u0173 protestas Vilniaus gatv\u0117je\u00a0<\/strong><\/p>\r\n\r\n\r\n\r\n<p>Toliau, pro \u0161alia esan\u010di\u0105 Vokie\u010di\u0173 gatv\u0119, si\u016blome jud\u0117ti link Vilniaus gatv\u0117s.\u00a0<\/p>\r\n\r\n\r\n\r\n<p>Jei m\u0117gstate detektyvus, tikriausiai \u017ei\u016br\u0117jote \u201eNetflix\u201c serial\u0105 \u201eJaunasis Valanderis\u201c (\u201eYoung Wallander\u201c), \u012fkv\u0117pt\u0105 did\u017eiulio populiarumo sulaukusi\u0173 Henning Mankell roman\u0173. Nors istorijos veiksmas vyksta \u0161iuolaikin\u0117je \u0160vedijoje, serialas buvo filmuojamas i\u0161skirtinai Lietuvoje. Mat\u0119 \u201eYoung Wallander\u201c, neabejotinai atpa\u017eino ir \u012fvairias Vilniaus senamies\u010dio vietas. Pagrindinis serialo veik\u0117jas vaik\u0161tin\u0117jo naktin\u0117mis miesto gatv\u0117mis, Gedimino prospektu va\u017eiavo policijos automobiliai, \u012fvairios scenos buvo filmuojamos ir Bernardin\u0173, Stikli\u0173, Auk\u0161tai\u010di\u0173, Pilies gatv\u0117se.<\/p>\r\n\r\n\r\n\r\n<p>Viena masi\u0161kiausi\u0173 centrin\u0117je miesto dalyje filmuot\u0173 scen\u0173 \u2013 visuomen\u0117s protestas \u2013 vyko Vilniaus gatv\u0117je. \u010cia pasirod\u0117 daugyb\u0117 plakatais ne\u0161in\u0173, skanduojan\u010di\u0173 \u017emoni\u0173, o kitoje protesto barikad\u0173 pus\u0117je atsid\u016br\u0117 pagrindinis veik\u0117jas Kurtas Valanderis.<\/p>\r\n\r\n\r\n\r\n<figure class=\"wp-block-embed is-type-video is-provider-youtube wp-block-embed-youtube wp-embed-aspect-16-9 wp-has-aspect-ratio\">\r\n<div class=\"wp-block-embed__wrapper\">https:\/\/www.youtube.com\/watch?v=t9rYPlh18Uo<\/div>\r\n<\/figure>\r\n\r\n\r\n\r\n<p class=\"has-large-font-size\"><strong>\u017dymioji Norrmalmstorg aik\u0161t\u0117 <\/strong>\u2013<strong> Odmini\u0173 skvere<\/strong><\/p>\r\n\r\n\r\n\r\n<p>I\u0161 Vilniaus gatv\u0117s sukite \u012f Liejyklos, o v\u0117liau \u2013\u00a0 L. Stuokos-Gucevi\u010diaus gatv\u0119. Netrukus pasieksite Odmini\u0173 skver\u0105, suvaidinus\u012f centrin\u0119 Stokholmo aik\u0161t\u0119.<\/p>\r\n\r\n\r\n\r\n<p>\u201eKlarkas\u201c (\u201eClark\u201c) \u2013 \u0161ved\u0173 serialas, paremtas vienos kontroversi\u0161kiausi\u0173 asmenybi\u0173 \u0161iuolaikin\u0117je \u0160vedijos istorijoje \u2013 Klarko Olofsono (Clark Olofsson) \u2013 autobiografija. Tai \u2013 ne\u012ftik\u0117tina istorija apie vien\u0105 pirm\u0173j\u0173 \u201e\u012f\u017eymybe gangsteriu\u201c laikom\u0105 nusikalt\u0117l\u012f.\u00a0<\/p>\r\n\r\n\r\n\r\n<p>Erikas Olsonas bei pagrindinis veik\u0117jas Klarkas kartu atsid\u016br\u0117 apipl\u0117\u0161imo centre, pasik\u0117sindami \u012f did\u017eiausi\u0105 Stokholmo bank\u0105 \u201eKreditbanken\u201c, stovint\u012f centrin\u0117je Normalmstorgo\u00a0 (Norrmalmstorg) aik\u0161t\u0117je. Istorijoje \u0161is apipl\u0117\u0161imas \u017einomas kaip \u201eNormalmstorgo apipl\u0117\u0161imas\u201c. Garsi\u0105ja aik\u0161t\u0119, kurioje policijos ekipa\u017eai steb\u0117jo bank\u0105, seriale suvaidino Odmini\u0173 skveras.\u00a0<\/p>\r\n\r\n\r\n\r\n<p>Tai buvo ne\u012fprastas apipl\u0117\u0161imas. \u0160vedijos policija klaus\u0117si ir band\u0117 nusp\u0117ti, kas vyksta banko saugykloje, kurioje sl\u0117p\u0117si nusikalt\u0117liai su \u012fkaitais. Pagrob\u0117jai ir darbuotojos greitai tarpusavyje pajuto draugi\u0161kum\u0105, dalijosi patirtimi ir istorijomis, \u017eaid\u0117 \u012fvairius \u017eaidimus.\u00a0<\/p>\r\n\r\n\r\n\r\n<p>Viena i\u0161 \u012fkai\u010di\u0173 net paskambino \u0160vedijos ministrui pirmininkui ir pra\u0161\u0117 leisti Klarkui Olofsonui ir Janui Erikui Olsonui i\u0161vykti, nenaudoti smurto, net si\u016bl\u0117si vykti kartu su jais, kaip garantas, kad abi pus\u0117s laikysis susitarimo. Kai \u012fkaitai buvo paleisti, n\u0117 vienas i\u0161 j\u0173 teisme nebuvo liudytoju prie\u0161 pagrob\u0117jus, vietoj to, jie prad\u0117jo rinkti pinigus j\u0173 gynybai. Klarkui teisme pavyko \u012frodyti , jog jis nedalyvavo apipl\u0117\u0161ime ir negali b\u016bti traktuojamas kaip bendrininkas, o, prie\u0161ingai, band\u0117 pad\u0117ti \u012fkaitams. Po \u0161io nusikaltimo atsirado Stokholmo sindromo pavadinimas, naudojamas visame pasaulyje.<\/p>\r\n\r\n\r\n\r\n<figure class=\"wp-block-gallery has-nested-images columns-default is-cropped wp-block-gallery-1 is-layout-flex wp-block-gallery-is-layout-flex\">\r\n<figure class=\"wp-block-image size-large\"><img loading=\"lazy\" decoding=\"async\" width=\"1024\" height=\"682\" data-id=\"27243\" class=\"wp-image-27243\" src=\"https:\/\/filmvilnius.com\/wp-content\/uploads\/2025\/05\/Clark-series-filming-in-Vilnius-min-1024x682-1.jpg\" alt=\"\" srcset=\"https:\/\/filmvilnius.com\/wp-content\/uploads\/2025\/05\/Clark-series-filming-in-Vilnius-min-1024x682-1.jpg 1024w, https:\/\/filmvilnius.com\/wp-content\/uploads\/2025\/05\/Clark-series-filming-in-Vilnius-min-1024x682-1-300x200.jpg 300w, https:\/\/filmvilnius.com\/wp-content\/uploads\/2025\/05\/Clark-series-filming-in-Vilnius-min-1024x682-1-768x512.jpg 768w\" sizes=\"(max-width: 1024px) 100vw, 1024px\" \/>\r\n<figcaption class=\"wp-element-caption\">Filmuojant \u201eKlark\u0105\u201c<\/figcaption>\r\n<\/figure>\r\n\r\n\r\n\r\n<figure class=\"wp-block-image size-large\"><img loading=\"lazy\" decoding=\"async\" width=\"1024\" height=\"682\" data-id=\"27242\" class=\"wp-image-27242\" src=\"https:\/\/filmvilnius.com\/wp-content\/uploads\/2025\/05\/clark-audrius-solominas3-1024x682-1.jpg\" alt=\"\" srcset=\"https:\/\/filmvilnius.com\/wp-content\/uploads\/2025\/05\/clark-audrius-solominas3-1024x682-1.jpg 1024w, https:\/\/filmvilnius.com\/wp-content\/uploads\/2025\/05\/clark-audrius-solominas3-1024x682-1-300x200.jpg 300w, https:\/\/filmvilnius.com\/wp-content\/uploads\/2025\/05\/clark-audrius-solominas3-1024x682-1-768x512.jpg 768w\" sizes=\"(max-width: 1024px) 100vw, 1024px\" \/>\r\n<figcaption class=\"wp-element-caption\">Filmuojant \u201eKlark\u0105\u201c<\/figcaption>\r\n<\/figure>\r\n<\/figure>\r\n\r\n\r\n\r\n<figure class=\"wp-block-image size-large\"><img loading=\"lazy\" decoding=\"async\" width=\"1024\" height=\"768\" class=\"wp-image-27270\" src=\"https:\/\/filmvilnius.com\/wp-content\/uploads\/2025\/05\/thumbnail_IMG_2553-1024x768.jpg\" alt=\"\" srcset=\"https:\/\/filmvilnius.com\/wp-content\/uploads\/2025\/05\/thumbnail_IMG_2553-1024x768.jpg 1024w, https:\/\/filmvilnius.com\/wp-content\/uploads\/2025\/05\/thumbnail_IMG_2553-300x225.jpg 300w, https:\/\/filmvilnius.com\/wp-content\/uploads\/2025\/05\/thumbnail_IMG_2553-768x576.jpg 768w, https:\/\/filmvilnius.com\/wp-content\/uploads\/2025\/05\/thumbnail_IMG_2553-1536x1152.jpg 1536w, https:\/\/filmvilnius.com\/wp-content\/uploads\/2025\/05\/thumbnail_IMG_2553.jpg 1920w\" sizes=\"(max-width: 1024px) 100vw, 1024px\" \/><\/figure>\r\n\r\n\r\n\r\n<p class=\"has-large-font-size\"><strong>Gedimino prospekte <\/strong>\u2013<strong> did\u017eiulis protestas<\/strong><\/p>\r\n\r\n\r\n\r\n<p>Ap\u017ei\u016br\u0117j\u0119 Odmini\u0173 skver\u0105 keliaukite Gedimino prospektu. Apsi\u017evalgykite aplink \u2013 Skandinavijos miestu yra tapusi ne viena Gedimino prospekte \u012fsik\u016brusi aik\u0161t\u0117 ir pati gatv\u0117.\u00a0<\/p>\r\n\r\n\r\n\r\n<p>Pavyzd\u017eiui, anks\u010diau min\u0117tame seriale \u201ePanel\u0117s Smilos sniego jausmas\u201c, daugyb\u0119 scen\u0173 suvaidino Vinco Kudirkos aik\u0161t\u0117, kur buvo inscenizuojamas did\u017eiulis protestas, \u017eygiavo minia \u017emoni\u0173, stov\u0117jo vaidybiniai policijos automobiliai. Filmavimo aik\u0161tel\u0117je dirbo apie 160 profesional\u0173 komanda, daugiau nei pus\u0119 jos sudar\u0117 lietuviai.\u00a0<\/p>\r\n\r\n\r\n\r\n<p class=\"has-large-font-size\"><strong>Ka\u0161ton\u0173 gatv\u0117je \u2013 Oslo parlamento r\u016bmai<\/strong><\/p>\r\n\r\n\r\n\r\n<p>Paisvaik\u0161\u010dioj\u0119 Gedimino prospektu sukite \u012f nedidel\u0119, ta\u010diau itin kinematografi\u0161k\u0105 Ka\u0161ton\u0173 gatv\u0119. \u010cia ne tik \u012fsik\u016brusi did\u017eiausia Lietuvos biomedicinos ir jai artim\u0173 moksl\u0173 biblioteka sostin\u0117je, bet ir slepiasi viena populiariausi\u0173 filmavimo lokacij\u0173 visame mieste.\u00a0<\/p>\r\n\r\n\r\n\r\n<p>Ne syk\u012f Ka\u0161ton\u0173 gatv\u0117 yra virtusi \u0160vedijos miestais, \u012fskaitant \u012fvairi\u0173 laikotarpi\u0173 Stokholm\u0105 ir Malm\u0119. Visai neseniai, Vilniuje filmuojant Lietuvos ir Norvegijos bendros gamybos juost\u0105 \u201eAgentas numeris 24\u201c, bibliotekos pastatas tapo Oslo parlamento r\u016bmais, prie kuri\u0173 sprogo bomba.\u00a0<\/p>\r\n\r\n\r\n\r\n<p>Anot ne syk\u012f \u0161ioje vietoje dirbusio kino lokacij\u0173 vadybininko Aivaro \u0160idlos, gatv\u0117 ir biblioteka yra unikalios architekt\u016bros. Toki\u0173 gatvi\u0173 Vilniuje \u2013 nedaug. \u201eBiblioteka da\u017enai filmuose tampa teismo sale, ar kitu 1940-1990 laikotarpio instituciniu pastatu. Kadangi pati biblioteka n\u0117ra stipriai renovuota, joje yra i\u0161likusi\u0173 autenti\u0161k\u0173 detali\u0173, o tai labiausiai ir \u017eavi re\u017eisierius, operatorius bei kino dailininkus\u201c, \u2013 pasakoja A. \u0160idla.<\/p>\r\n\r\n\r\n\r\n<p>Lietuvos medicinos bibliotekos interjeras su i\u0161likusiais baldais ir dekoro detal\u0117mis atspindi\u00a0 XX a. \u0161e\u0161t\u0105j\u012f de\u0161imtmet\u012f ir socrealizmo dvasi\u0105. \u0160iandien \u010dia saugoma per 500 000 dokument\u0173, biblioteka kaupia ir teikia medicinos informacij\u0105, dalyvauja \u012fgyvendinant valstyb\u0117s sveikatos programas, saugo ra\u0161ytin\u012f Lietuvos medicinos mokslo paveld\u0105.<\/p>\r\n\r\n\r\n\r\n<figure class=\"wp-block-image size-large\"><img loading=\"lazy\" decoding=\"async\" width=\"1024\" height=\"681\" class=\"wp-image-27246\" src=\"https:\/\/filmvilnius.com\/wp-content\/uploads\/2025\/05\/C3jCwpSw-1024x681.jpeg\" alt=\"\" srcset=\"https:\/\/filmvilnius.com\/wp-content\/uploads\/2025\/05\/C3jCwpSw-1024x681.jpeg 1024w, https:\/\/filmvilnius.com\/wp-content\/uploads\/2025\/05\/C3jCwpSw-300x200.jpeg 300w, https:\/\/filmvilnius.com\/wp-content\/uploads\/2025\/05\/C3jCwpSw-768x511.jpeg 768w, https:\/\/filmvilnius.com\/wp-content\/uploads\/2025\/05\/C3jCwpSw-1536x1022.jpeg 1536w, https:\/\/filmvilnius.com\/wp-content\/uploads\/2025\/05\/C3jCwpSw-2048x1363.jpeg 2048w\" sizes=\"(max-width: 1024px) 100vw, 1024px\" \/>\r\n<figcaption class=\"wp-element-caption\">Ka\u0161ton\u0173 g. | Luko \u0160alnos nuotr.<\/figcaption>\r\n<\/figure>\r\n\r\n\r\n\r\n<p class=\"has-large-font-size\"><strong>Kostiumus mainantis Luki\u0161ki\u0173 kal\u0117jimas<\/strong><\/p>\r\n\r\n\r\n\r\n<p>Esate visai netoli Luki\u0161ki\u0173 kal\u0117jimo. Kirt\u0119 Luki\u0161ki\u0173 aik\u0161t\u0119 ir pasuk\u0119 Luki\u0161ki\u0173 gatve, netrukus i\u0161vysite ir \u012fsp\u016bding\u0105 bei \u0161iurp\u0105 keliant\u012f pastat\u0105. Nei\u0161sig\u0105skite, nes sud\u0117ting\u0105 istorij\u0105 menantis Luki\u0161ki\u0173 kal\u0117jimas \u0161iandien yra vienas lankomiausi\u0173 miesto objekt\u0173. Rengini\u0173, kino seans\u0173, ekskursij\u0173 ir koncert\u0173 erdv\u0117 traukia ne tik kult\u016bros ie\u0161kan\u010dius vilnie\u010dius, bet ir kino k\u016br\u0117jus. Ekrane Luki\u0161ki\u0173 kal\u0117jim\u0105 gal\u0117jo i\u0161vysti \u012fvairi\u0173 film\u0173 ir populiari\u0173 serial\u0173 \u017ei\u016brovai visame pasaulyje.<\/p>\r\n\r\n\r\n\r\n<p>Daugiau nei \u0161imt\u0105 met\u0173 menantis Luki\u0161ki\u0173 kal\u0117jimas kadaise buvo vienas moderniausi\u0173 visoje Rusijos imperijoje. Pasaulini\u0173 kar\u0173, sovietme\u010dio ir Lietuvos nepriklausomyb\u0117s laikais veikusi \u012fkalinimo \u012fstaiga iki \u0161iol i\u0161saugojo originalius interjero ir eksterjero elementus. Galb\u016bt tod\u0117l, \u0161iandien Luki\u0161ki\u0173 kal\u0117jimas sulaukia tiek daug kino k\u016br\u0117j\u0173 d\u0117mesio \u2013 buvusio kal\u0117jimo kameros, prieangiai ir kabinetai laikomi itin kinematografi\u0161kais.<\/p>\r\n\r\n\r\n\r\n<p>Anks\u010diau apra\u0161yto serialo \u201eKlarkas\u201c pagrindinis veik\u0117jas i\u0161 kal\u0117jim\u0173 pab\u0117go net 17 kart\u0173, nors realiame gyvenime tikslus skai\u010dius n\u0117ra \u017einomas. Filmuojant serial\u0105 Vilniuje svarbus vaidmuo atiteko b\u016btent Luki\u0161ki\u0173 kal\u0117jimui, suvaidinusiam net 5 skirtingas \u012fkalinimo \u012fstaigas.<\/p>\r\n\r\n\r\n\r\n<p>2025 m. gamybos \u012fmon\u0117 \u201ePaprika Filmai\u201c,bendradarbiaudama su \u0161ved\u0173 kino studija, kal\u0117jime filmavo vaidybin\u012f pilno metro film\u0105 vaikams pavadinimu \u201ePiktadari\u0173 piktadarys\u201c (angl. \u201eVillain of Villains\u201c). Filmas pasakoja apie mergait\u0119 ir jos svajon\u0119 tapti heroje.\u00a0<\/p>\r\n\r\n\r\n\r\n<p>Luki\u0161ki\u0173 kal\u0117jimas sudomino ir kriminalinio detektyvo \u201eVistingas\u201c (\u201eWisting\u201c) filmavimo komand\u0105. Vieno brangiausi\u0173 norveg\u0173 TV serialo pirmoji serija pristatyta 2019 m., paskui jis rodytas ir kitose \u0161alyse, taip pat per BBC 4 televizij\u0105. Pagrindinis filmo veik\u0117jas \u2013 policijos detektyvas Williamas Wistingas, kur\u012f vaidina norveg\u0173 aktorius Sven Nordin. Pirmieji serialo sezonai r\u0117m\u0117si ra\u0161ytojo J\u00f8rn Lier Horst bestseleriais tapusiomis knygomis. 2021 m. antrasis serialo \u201eVistingas\u201c sezonas jau buvo filmuotas Vilniuje.<\/p>\r\n\r\n\r\n\r\n<p>Naujausiame, taip pat sostin\u0117je filmuotame penktame sezone, bandydamas i\u0161siai\u0161kinti teis\u0117saugos padaryt\u0105 klaid\u0105, Vistingas atvyksta \u012f Vilni\u0173 \u2013 b\u016btent \u010dia atves netik\u0117tai atrasti bylos \u012fkal\u010diai.\u00a0 Seriale \u017ei\u016brovai i\u0161vys daugyb\u0119 gerai \u017einom\u0173 sostin\u0117s viet\u0173 \u2013 filmuojama buvo ir Luki\u0161ki\u0173 kal\u0117jime, \u012f kur\u012f tyr\u0117jai atvyksta kalb\u0117tis su nuteistuoju.<\/p>\r\n\r\n\r\n\r\n<figure class=\"wp-block-image size-full\"><img loading=\"lazy\" decoding=\"async\" width=\"1024\" height=\"682\" class=\"wp-image-27248\" src=\"https:\/\/filmvilnius.com\/wp-content\/uploads\/2025\/05\/O5A9975-1024x682-1.jpeg\" alt=\"\" srcset=\"https:\/\/filmvilnius.com\/wp-content\/uploads\/2025\/05\/O5A9975-1024x682-1.jpeg 1024w, https:\/\/filmvilnius.com\/wp-content\/uploads\/2025\/05\/O5A9975-1024x682-1-300x200.jpeg 300w, https:\/\/filmvilnius.com\/wp-content\/uploads\/2025\/05\/O5A9975-1024x682-1-768x512.jpeg 768w\" sizes=\"(max-width: 1024px) 100vw, 1024px\" \/>\r\n<figcaption class=\"wp-element-caption\">Filmuojant \u201eKlark\u0105\u201c | Luko \u0160alnos nuotr.<\/figcaption>\r\n<\/figure>\r\n\r\n\r\n\r\n<figure class=\"wp-block-image size-large\"><img loading=\"lazy\" decoding=\"async\" width=\"1024\" height=\"768\" class=\"wp-image-27272\" src=\"https:\/\/filmvilnius.com\/wp-content\/uploads\/2025\/05\/IMG_2566-1024x768.jpeg\" alt=\"\" srcset=\"https:\/\/filmvilnius.com\/wp-content\/uploads\/2025\/05\/IMG_2566-1024x768.jpeg 1024w, https:\/\/filmvilnius.com\/wp-content\/uploads\/2025\/05\/IMG_2566-300x225.jpeg 300w, https:\/\/filmvilnius.com\/wp-content\/uploads\/2025\/05\/IMG_2566-768x576.jpeg 768w, https:\/\/filmvilnius.com\/wp-content\/uploads\/2025\/05\/IMG_2566-1536x1152.jpeg 1536w, https:\/\/filmvilnius.com\/wp-content\/uploads\/2025\/05\/IMG_2566-2048x1536.jpeg 2048w\" sizes=\"(max-width: 1024px) 100vw, 1024px\" \/>\r\n<figcaption class=\"wp-element-caption\">Kadras i\u0161 serialo \u201eKlarkas\u201c | Luki\u0161ki\u0173 kal\u0117jimas<\/figcaption>\r\n<\/figure>\r\n\r\n\r\n\r\n<figure class=\"wp-block-image size-large\"><img loading=\"lazy\" decoding=\"async\" width=\"1024\" height=\"681\" class=\"wp-image-27250\" src=\"https:\/\/filmvilnius.com\/wp-content\/uploads\/2025\/05\/Lukiskes-prison-a-popular-locations-credits-Lukas-Salna-1024x681.jpg\" alt=\"\" srcset=\"https:\/\/filmvilnius.com\/wp-content\/uploads\/2025\/05\/Lukiskes-prison-a-popular-locations-credits-Lukas-Salna-1024x681.jpg 1024w, https:\/\/filmvilnius.com\/wp-content\/uploads\/2025\/05\/Lukiskes-prison-a-popular-locations-credits-Lukas-Salna-300x200.jpg 300w, https:\/\/filmvilnius.com\/wp-content\/uploads\/2025\/05\/Lukiskes-prison-a-popular-locations-credits-Lukas-Salna-768x511.jpg 768w, https:\/\/filmvilnius.com\/wp-content\/uploads\/2025\/05\/Lukiskes-prison-a-popular-locations-credits-Lukas-Salna-1536x1022.jpg 1536w, https:\/\/filmvilnius.com\/wp-content\/uploads\/2025\/05\/Lukiskes-prison-a-popular-locations-credits-Lukas-Salna-2048x1363.jpg 2048w\" sizes=\"(max-width: 1024px) 100vw, 1024px\" \/>\r\n<figcaption class=\"wp-element-caption\">Luki\u0161ki\u0173 kal\u0117jimas | Luko \u0160alnos nuotr.<\/figcaption>\r\n<\/figure>\r\n\r\n\r\n\r\n<p class=\"has-large-font-size\"><strong>\u017dv\u0117rynas <\/strong>\u2013 <strong>prabangus Stokholmo kvartalas<\/strong><\/p>\r\n\r\n\r\n\r\n<p>Mar\u0161rut\u0105 u\u017ebaigti kvie\u010diame \u017dv\u0117ryne. Skirkite laiko patyrin\u0117ti \u0161\u012f gamtos apsuptyje esant\u012f kvartal\u0105. Jaukia atmosfera u\u017eburiant\u012f \u017dv\u0117ryn\u0105 rasite sugr\u012f\u017e\u0119 \u012f Gedimino prospekt\u0105 ir kirt\u0119 \u017dv\u0117ryno tilt\u0105. \u012esp\u016bdingos, \u010dia \u012fsik\u016brusios medin\u0117s pra\u0117jusio \u0161imtme\u010dio vilos, \u0161iandien traukia ir kino k\u016br\u0117jus i\u0161 viso pasaulio.<\/p>\r\n\r\n\r\n\r\n<p>\u017dv\u0117ryn\u0105 puo\u0161iantys mediniai ir skandinavi\u0161ko tipo pastatai \u0161ved\u0173 seriale \u201eViskis su ledu\u201c (\u201eWhiskey on the Rocks\u201c) virto 1980\u2013\u0173j\u0173 \u0160vedija, o tiksliau \u2013 Stokholmo gyvenamuoju rajonu, kuriame \u012fsik\u016br\u0117 filmo politiniai veik\u0117jai. Scenos filmuotos Traidenio, Birut\u0117s bei A. Mickevi\u010diaus gatv\u0117se. Beje, pastarojoje gatv\u0117je 1966 m. duris atv\u0117rusius skandinavi\u0161ko stiliaus Kompozitori\u0173 namus ekrane bus galima i\u0161vysti svarbi\u0173 politini\u0173 sprendim\u0173 fone \u2013 pastatas virs vald\u017eios atstov\u0173 darbo ir poilsio erdv\u0117mis.<\/p>\r\n\r\n\r\n\r\n<figure class=\"wp-block-image size-large\"><img loading=\"lazy\" decoding=\"async\" width=\"1024\" height=\"768\" class=\"wp-image-27252\" src=\"https:\/\/filmvilnius.com\/wp-content\/uploads\/2025\/05\/Kompozitoriu-sajunga-2-1024x768.jpg\" alt=\"\" srcset=\"https:\/\/filmvilnius.com\/wp-content\/uploads\/2025\/05\/Kompozitoriu-sajunga-2-1024x768.jpg 1024w, https:\/\/filmvilnius.com\/wp-content\/uploads\/2025\/05\/Kompozitoriu-sajunga-2-300x225.jpg 300w, https:\/\/filmvilnius.com\/wp-content\/uploads\/2025\/05\/Kompozitoriu-sajunga-2-768x576.jpg 768w, https:\/\/filmvilnius.com\/wp-content\/uploads\/2025\/05\/Kompozitoriu-sajunga-2-1536x1152.jpg 1536w, https:\/\/filmvilnius.com\/wp-content\/uploads\/2025\/05\/Kompozitoriu-sajunga-2-2048x1536.jpg 2048w\" sizes=\"(max-width: 1024px) 100vw, 1024px\" \/>\r\n<figcaption class=\"wp-element-caption\">Kompozitori\u0173 s\u0105junga | by.Natallia nuotr.<\/figcaption>\r\n<\/figure>\r\n\r\n\r\n\r\n<p>\u201eViskis su ledu\u201c \u2013 politin\u0117 dram\u0105 apie \u012ftempt\u0105 Ronaldo Reigano ir Leonido Bre\u017enevo vadovavimo laikotarp\u012f ir jo metu kilusi\u0105 politin\u0119 kriz\u0119. \u017di\u016br\u0117dami serial\u0105 \u017ei\u016brovai i\u0161vys ir lietuvi\u0173 aktorius \u2013 vien\u0105 pagrindini\u0173 vaidmen\u0173 \u2013 Leonid\u0105 Bre\u017enev\u0105 \u2013 suk\u016br\u0117 K\u0119stutis Stasys Jak\u0161tas, kapiton\u0105 Vladimir\u0105 Peskov\u0105 \u012fk\u016bnijo Andrius Bialob\u017eeskis, o Andrius \u017di\u016brauskas \u2013 KBG Agent\u0105.<\/p>\r\n\r\n\r\n\r\n<p><iframe src=\"https:\/\/www.google.com\/maps\/d\/embed?mid=1kKFkcbVREQHp2xFoG0YJGANazJQW_Fg&amp;ehbc=2E312F\" width=\"100%\" height=\"480\"><\/iframe><\/p>\r\n","protected":false},"excerpt":{"rendered":"<p>Vilnius pam\u0117gtas Skandinavijos k\u016br\u0117j\u0173 \u2013 sostin\u0117je jau nufilmuota daugyb\u0117 \u0161ved\u0173, suomi\u0173, norveg\u0173, dan\u0173 TV serial\u0173 ir film\u0173. Nuo detektyv\u0173 iki komedij\u0173 ir dram\u0173 \u2013 Vilnius ekrane jau sp\u0117jo \u012fk\u016bnyti Stokholm\u0105, Osl\u0105, Kopenhag\u0105 ir kitus Skandinavijos miestus.\u00a0 Vilniaus kino biuras kvie\u010dia pasivaik\u0161\u010dioti Skandinavijos kino k\u016br\u0117j\u0173 takais ir atrasti \u0161iaurieti\u0161k\u0105 Vilni\u0173 bei populiariausias filmavimo lokacijas.\u00a0 Pasa\u017eo skersgatvis [&hellip;]<\/p>\n","protected":false},"author":6,"featured_media":27243,"parent":0,"menu_order":0,"comment_status":"closed","ping_status":"closed","template":"page-with-header.php","meta":{"_acf_changed":false,"_monsterinsights_skip_tracking":false,"_monsterinsights_sitenote_active":false,"_monsterinsights_sitenote_note":"","_monsterinsights_sitenote_category":0,"footnotes":""},"class_list":["post-27237","page","type-page","status-publish","has-post-thumbnail","hentry"],"acf":[],"yoast_head":"<!-- This site is optimized with the Yoast SEO plugin v27.4 - https:\/\/yoast.com\/product\/yoast-seo-wordpress\/ -->\n<title>Skandinavi\u0161kas Vilnius: ekrane \u2013 nuo Stokholmo iki Kopenhagos - Vilnius film office<\/title>\n<meta name=\"description\" content=\"Vilnius pam\u0117gtas Skandinavijos k\u016br\u0117j\u0173 \u2013 sostin\u0117je jau nufilmuota daugyb\u0117 \u0161ved\u0173, suomi\u0173, norveg\u0173, dan\u0173 TV serial\u0173 ir film\u0173. Nuo detektyv\u0173 iki komedij\u0173 ir dram\u0173 \u2013 Vilnius ekrane jau sp\u0117jo \u012fk\u016bnyti Stokholm\u0105, Osl\u0105, Kopenhag\u0105 ir kitus Skandinavijos miestus.\u00a0\" \/>\n<meta name=\"robots\" content=\"index, follow, max-snippet:-1, max-image-preview:large, max-video-preview:-1\" \/>\n<link rel=\"canonical\" href=\"https:\/\/filmvilnius.com\/lt\/skandinaviskas-vilnius-ekrane-nuo-stokholmo-iki-kopenhagos\/\" \/>\n<meta property=\"og:locale\" content=\"lt_LT\" \/>\n<meta property=\"og:type\" content=\"article\" \/>\n<meta property=\"og:title\" content=\"Skandinavi\u0161kas Vilnius: ekrane \u2013 nuo Stokholmo iki Kopenhagos - Vilnius film office\" \/>\n<meta property=\"og:description\" content=\"Vilnius pam\u0117gtas Skandinavijos k\u016br\u0117j\u0173 \u2013 sostin\u0117je jau nufilmuota daugyb\u0117 \u0161ved\u0173, suomi\u0173, norveg\u0173, dan\u0173 TV serial\u0173 ir film\u0173. Nuo detektyv\u0173 iki komedij\u0173 ir dram\u0173 \u2013 Vilnius ekrane jau sp\u0117jo \u012fk\u016bnyti Stokholm\u0105, Osl\u0105, Kopenhag\u0105 ir kitus Skandinavijos miestus.\u00a0\" \/>\n<meta property=\"og:url\" content=\"https:\/\/filmvilnius.com\/lt\/skandinaviskas-vilnius-ekrane-nuo-stokholmo-iki-kopenhagos\/\" \/>\n<meta property=\"og:site_name\" content=\"Vilnius film office\" \/>\n<meta property=\"article:publisher\" content=\"https:\/\/www.facebook.com\/filmvilnius\" \/>\n<meta property=\"article:modified_time\" content=\"2025-11-18T10:30:35+00:00\" \/>\n<meta property=\"og:image\" content=\"https:\/\/filmvilnius.com\/wp-content\/uploads\/2025\/05\/Clark-series-filming-in-Vilnius-min-1024x682-1.jpg\" \/>\n\t<meta property=\"og:image:width\" content=\"1024\" \/>\n\t<meta property=\"og:image:height\" content=\"682\" \/>\n\t<meta property=\"og:image:type\" content=\"image\/jpeg\" \/>\n<meta name=\"twitter:card\" content=\"summary_large_image\" \/>\n<meta name=\"twitter:site\" content=\"@FilmVilnius\" \/>\n<meta name=\"twitter:label1\" content=\"Est. reading time\" \/>\n\t<meta name=\"twitter:data1\" content=\"10 minu\u010di\u0173\" \/>\n<script type=\"application\/ld+json\" class=\"yoast-schema-graph\">{\"@context\":\"https:\\\/\\\/schema.org\",\"@graph\":[{\"@type\":\"WebPage\",\"@id\":\"https:\\\/\\\/filmvilnius.com\\\/lt\\\/skandinaviskas-vilnius-ekrane-nuo-stokholmo-iki-kopenhagos\\\/\",\"url\":\"https:\\\/\\\/filmvilnius.com\\\/lt\\\/skandinaviskas-vilnius-ekrane-nuo-stokholmo-iki-kopenhagos\\\/\",\"name\":\"Skandinavi\u0161kas Vilnius: ekrane \u2013 nuo Stokholmo iki Kopenhagos - Vilnius film office\",\"isPartOf\":{\"@id\":\"https:\\\/\\\/filmvilnius.com\\\/#website\"},\"primaryImageOfPage\":{\"@id\":\"https:\\\/\\\/filmvilnius.com\\\/lt\\\/skandinaviskas-vilnius-ekrane-nuo-stokholmo-iki-kopenhagos\\\/#primaryimage\"},\"image\":{\"@id\":\"https:\\\/\\\/filmvilnius.com\\\/lt\\\/skandinaviskas-vilnius-ekrane-nuo-stokholmo-iki-kopenhagos\\\/#primaryimage\"},\"thumbnailUrl\":\"https:\\\/\\\/filmvilnius.com\\\/wp-content\\\/uploads\\\/2025\\\/05\\\/Clark-series-filming-in-Vilnius-min-1024x682-1.jpg\",\"datePublished\":\"2025-05-09T06:54:47+00:00\",\"dateModified\":\"2025-11-18T10:30:35+00:00\",\"description\":\"Vilnius pam\u0117gtas Skandinavijos k\u016br\u0117j\u0173 \u2013 sostin\u0117je jau nufilmuota daugyb\u0117 \u0161ved\u0173, suomi\u0173, norveg\u0173, dan\u0173 TV serial\u0173 ir film\u0173. Nuo detektyv\u0173 iki komedij\u0173 ir dram\u0173 \u2013 Vilnius ekrane jau sp\u0117jo \u012fk\u016bnyti Stokholm\u0105, Osl\u0105, Kopenhag\u0105 ir kitus Skandinavijos miestus.\u00a0\",\"breadcrumb\":{\"@id\":\"https:\\\/\\\/filmvilnius.com\\\/lt\\\/skandinaviskas-vilnius-ekrane-nuo-stokholmo-iki-kopenhagos\\\/#breadcrumb\"},\"inLanguage\":\"lt-LT\",\"potentialAction\":[{\"@type\":\"ReadAction\",\"target\":[\"https:\\\/\\\/filmvilnius.com\\\/lt\\\/skandinaviskas-vilnius-ekrane-nuo-stokholmo-iki-kopenhagos\\\/\"]}]},{\"@type\":\"ImageObject\",\"inLanguage\":\"lt-LT\",\"@id\":\"https:\\\/\\\/filmvilnius.com\\\/lt\\\/skandinaviskas-vilnius-ekrane-nuo-stokholmo-iki-kopenhagos\\\/#primaryimage\",\"url\":\"https:\\\/\\\/filmvilnius.com\\\/wp-content\\\/uploads\\\/2025\\\/05\\\/Clark-series-filming-in-Vilnius-min-1024x682-1.jpg\",\"contentUrl\":\"https:\\\/\\\/filmvilnius.com\\\/wp-content\\\/uploads\\\/2025\\\/05\\\/Clark-series-filming-in-Vilnius-min-1024x682-1.jpg\",\"width\":1024,\"height\":682},{\"@type\":\"BreadcrumbList\",\"@id\":\"https:\\\/\\\/filmvilnius.com\\\/lt\\\/skandinaviskas-vilnius-ekrane-nuo-stokholmo-iki-kopenhagos\\\/#breadcrumb\",\"itemListElement\":[{\"@type\":\"ListItem\",\"position\":1,\"name\":\"Home\",\"item\":\"https:\\\/\\\/filmvilnius.com\\\/lt\\\/\"},{\"@type\":\"ListItem\",\"position\":2,\"name\":\"Skandinavi\u0161kas Vilnius: ekrane \u2013 nuo Stokholmo iki Kopenhagos\"}]},{\"@type\":\"WebSite\",\"@id\":\"https:\\\/\\\/filmvilnius.com\\\/#website\",\"url\":\"https:\\\/\\\/filmvilnius.com\\\/\",\"name\":\"Vilnius film office\",\"description\":\"\",\"publisher\":{\"@id\":\"https:\\\/\\\/filmvilnius.com\\\/#organization\"},\"potentialAction\":[{\"@type\":\"SearchAction\",\"target\":{\"@type\":\"EntryPoint\",\"urlTemplate\":\"https:\\\/\\\/filmvilnius.com\\\/?s={search_term_string}\"},\"query-input\":{\"@type\":\"PropertyValueSpecification\",\"valueRequired\":true,\"valueName\":\"search_term_string\"}}],\"inLanguage\":\"lt-LT\"},{\"@type\":\"Organization\",\"@id\":\"https:\\\/\\\/filmvilnius.com\\\/#organization\",\"name\":\"Vilniaus kino biuras\",\"url\":\"https:\\\/\\\/filmvilnius.com\\\/\",\"logo\":{\"@type\":\"ImageObject\",\"inLanguage\":\"lt-LT\",\"@id\":\"https:\\\/\\\/filmvilnius.com\\\/#\\\/schema\\\/logo\\\/image\\\/\",\"url\":\"https:\\\/\\\/filmvilnius.com\\\/wp-content\\\/uploads\\\/2022\\\/12\\\/VKB-Logo-2022-EN-2-V.jpg\",\"contentUrl\":\"https:\\\/\\\/filmvilnius.com\\\/wp-content\\\/uploads\\\/2022\\\/12\\\/VKB-Logo-2022-EN-2-V.jpg\",\"width\":1419,\"height\":1418,\"caption\":\"Vilniaus kino biuras\"},\"image\":{\"@id\":\"https:\\\/\\\/filmvilnius.com\\\/#\\\/schema\\\/logo\\\/image\\\/\"},\"sameAs\":[\"https:\\\/\\\/www.facebook.com\\\/filmvilnius\",\"https:\\\/\\\/x.com\\\/FilmVilnius\",\"https:\\\/\\\/www.instagram.com\\\/filmvilnius\\\/\"]}]}<\/script>\n<!-- \/ Yoast SEO plugin. -->","yoast_head_json":{"title":"Skandinavi\u0161kas Vilnius: ekrane \u2013 nuo Stokholmo iki Kopenhagos - Vilnius film office","description":"Vilnius pam\u0117gtas Skandinavijos k\u016br\u0117j\u0173 \u2013 sostin\u0117je jau nufilmuota daugyb\u0117 \u0161ved\u0173, suomi\u0173, norveg\u0173, dan\u0173 TV serial\u0173 ir film\u0173. Nuo detektyv\u0173 iki komedij\u0173 ir dram\u0173 \u2013 Vilnius ekrane jau sp\u0117jo \u012fk\u016bnyti Stokholm\u0105, Osl\u0105, Kopenhag\u0105 ir kitus Skandinavijos miestus.\u00a0","robots":{"index":"index","follow":"follow","max-snippet":"max-snippet:-1","max-image-preview":"max-image-preview:large","max-video-preview":"max-video-preview:-1"},"canonical":"https:\/\/filmvilnius.com\/lt\/skandinaviskas-vilnius-ekrane-nuo-stokholmo-iki-kopenhagos\/","og_locale":"lt_LT","og_type":"article","og_title":"Skandinavi\u0161kas Vilnius: ekrane \u2013 nuo Stokholmo iki Kopenhagos - Vilnius film office","og_description":"Vilnius pam\u0117gtas Skandinavijos k\u016br\u0117j\u0173 \u2013 sostin\u0117je jau nufilmuota daugyb\u0117 \u0161ved\u0173, suomi\u0173, norveg\u0173, dan\u0173 TV serial\u0173 ir film\u0173. Nuo detektyv\u0173 iki komedij\u0173 ir dram\u0173 \u2013 Vilnius ekrane jau sp\u0117jo \u012fk\u016bnyti Stokholm\u0105, Osl\u0105, Kopenhag\u0105 ir kitus Skandinavijos miestus.\u00a0","og_url":"https:\/\/filmvilnius.com\/lt\/skandinaviskas-vilnius-ekrane-nuo-stokholmo-iki-kopenhagos\/","og_site_name":"Vilnius film office","article_publisher":"https:\/\/www.facebook.com\/filmvilnius","article_modified_time":"2025-11-18T10:30:35+00:00","og_image":[{"width":1024,"height":682,"url":"https:\/\/filmvilnius.com\/wp-content\/uploads\/2025\/05\/Clark-series-filming-in-Vilnius-min-1024x682-1.jpg","type":"image\/jpeg"}],"twitter_card":"summary_large_image","twitter_site":"@FilmVilnius","twitter_misc":{"Est. reading time":"10 minu\u010di\u0173"},"schema":{"@context":"https:\/\/schema.org","@graph":[{"@type":"WebPage","@id":"https:\/\/filmvilnius.com\/lt\/skandinaviskas-vilnius-ekrane-nuo-stokholmo-iki-kopenhagos\/","url":"https:\/\/filmvilnius.com\/lt\/skandinaviskas-vilnius-ekrane-nuo-stokholmo-iki-kopenhagos\/","name":"Skandinavi\u0161kas Vilnius: ekrane \u2013 nuo Stokholmo iki Kopenhagos - Vilnius film office","isPartOf":{"@id":"https:\/\/filmvilnius.com\/#website"},"primaryImageOfPage":{"@id":"https:\/\/filmvilnius.com\/lt\/skandinaviskas-vilnius-ekrane-nuo-stokholmo-iki-kopenhagos\/#primaryimage"},"image":{"@id":"https:\/\/filmvilnius.com\/lt\/skandinaviskas-vilnius-ekrane-nuo-stokholmo-iki-kopenhagos\/#primaryimage"},"thumbnailUrl":"https:\/\/filmvilnius.com\/wp-content\/uploads\/2025\/05\/Clark-series-filming-in-Vilnius-min-1024x682-1.jpg","datePublished":"2025-05-09T06:54:47+00:00","dateModified":"2025-11-18T10:30:35+00:00","description":"Vilnius pam\u0117gtas Skandinavijos k\u016br\u0117j\u0173 \u2013 sostin\u0117je jau nufilmuota daugyb\u0117 \u0161ved\u0173, suomi\u0173, norveg\u0173, dan\u0173 TV serial\u0173 ir film\u0173. Nuo detektyv\u0173 iki komedij\u0173 ir dram\u0173 \u2013 Vilnius ekrane jau sp\u0117jo \u012fk\u016bnyti Stokholm\u0105, Osl\u0105, Kopenhag\u0105 ir kitus Skandinavijos miestus.\u00a0","breadcrumb":{"@id":"https:\/\/filmvilnius.com\/lt\/skandinaviskas-vilnius-ekrane-nuo-stokholmo-iki-kopenhagos\/#breadcrumb"},"inLanguage":"lt-LT","potentialAction":[{"@type":"ReadAction","target":["https:\/\/filmvilnius.com\/lt\/skandinaviskas-vilnius-ekrane-nuo-stokholmo-iki-kopenhagos\/"]}]},{"@type":"ImageObject","inLanguage":"lt-LT","@id":"https:\/\/filmvilnius.com\/lt\/skandinaviskas-vilnius-ekrane-nuo-stokholmo-iki-kopenhagos\/#primaryimage","url":"https:\/\/filmvilnius.com\/wp-content\/uploads\/2025\/05\/Clark-series-filming-in-Vilnius-min-1024x682-1.jpg","contentUrl":"https:\/\/filmvilnius.com\/wp-content\/uploads\/2025\/05\/Clark-series-filming-in-Vilnius-min-1024x682-1.jpg","width":1024,"height":682},{"@type":"BreadcrumbList","@id":"https:\/\/filmvilnius.com\/lt\/skandinaviskas-vilnius-ekrane-nuo-stokholmo-iki-kopenhagos\/#breadcrumb","itemListElement":[{"@type":"ListItem","position":1,"name":"Home","item":"https:\/\/filmvilnius.com\/lt\/"},{"@type":"ListItem","position":2,"name":"Skandinavi\u0161kas Vilnius: ekrane \u2013 nuo Stokholmo iki Kopenhagos"}]},{"@type":"WebSite","@id":"https:\/\/filmvilnius.com\/#website","url":"https:\/\/filmvilnius.com\/","name":"Vilnius film office","description":"","publisher":{"@id":"https:\/\/filmvilnius.com\/#organization"},"potentialAction":[{"@type":"SearchAction","target":{"@type":"EntryPoint","urlTemplate":"https:\/\/filmvilnius.com\/?s={search_term_string}"},"query-input":{"@type":"PropertyValueSpecification","valueRequired":true,"valueName":"search_term_string"}}],"inLanguage":"lt-LT"},{"@type":"Organization","@id":"https:\/\/filmvilnius.com\/#organization","name":"Vilniaus kino biuras","url":"https:\/\/filmvilnius.com\/","logo":{"@type":"ImageObject","inLanguage":"lt-LT","@id":"https:\/\/filmvilnius.com\/#\/schema\/logo\/image\/","url":"https:\/\/filmvilnius.com\/wp-content\/uploads\/2022\/12\/VKB-Logo-2022-EN-2-V.jpg","contentUrl":"https:\/\/filmvilnius.com\/wp-content\/uploads\/2022\/12\/VKB-Logo-2022-EN-2-V.jpg","width":1419,"height":1418,"caption":"Vilniaus kino biuras"},"image":{"@id":"https:\/\/filmvilnius.com\/#\/schema\/logo\/image\/"},"sameAs":["https:\/\/www.facebook.com\/filmvilnius","https:\/\/x.com\/FilmVilnius","https:\/\/www.instagram.com\/filmvilnius\/"]}]}},"_links":{"self":[{"href":"https:\/\/filmvilnius.com\/lt\/wp-json\/wp\/v2\/pages\/27237","targetHints":{"allow":["GET"]}}],"collection":[{"href":"https:\/\/filmvilnius.com\/lt\/wp-json\/wp\/v2\/pages"}],"about":[{"href":"https:\/\/filmvilnius.com\/lt\/wp-json\/wp\/v2\/types\/page"}],"author":[{"embeddable":true,"href":"https:\/\/filmvilnius.com\/lt\/wp-json\/wp\/v2\/users\/6"}],"replies":[{"embeddable":true,"href":"https:\/\/filmvilnius.com\/lt\/wp-json\/wp\/v2\/comments?post=27237"}],"version-history":[{"count":9,"href":"https:\/\/filmvilnius.com\/lt\/wp-json\/wp\/v2\/pages\/27237\/revisions"}],"predecessor-version":[{"id":28527,"href":"https:\/\/filmvilnius.com\/lt\/wp-json\/wp\/v2\/pages\/27237\/revisions\/28527"}],"wp:featuredmedia":[{"embeddable":true,"href":"https:\/\/filmvilnius.com\/lt\/wp-json\/wp\/v2\/media\/27243"}],"wp:attachment":[{"href":"https:\/\/filmvilnius.com\/lt\/wp-json\/wp\/v2\/media?parent=27237"}],"curies":[{"name":"wp","href":"https:\/\/api.w.org\/{rel}","templated":true}]}}