{"id":29192,"date":"2025-12-29T12:34:15","date_gmt":"2025-12-29T10:34:15","guid":{"rendered":"https:\/\/filmvilnius.com\/ziemiskas-vilnius\/"},"modified":"2025-12-29T13:00:57","modified_gmt":"2025-12-29T11:00:57","slug":"ziemiskas-vilnius","status":"publish","type":"page","link":"https:\/\/filmvilnius.com\/lt\/ziemiskas-vilnius\/","title":{"rendered":""},"content":{"rendered":"<h1 style=\"text-align: center;\"><strong>\u017diemi\u0161kas Vilnius<\/strong><\/h1>\n<p><span style=\"font-weight: 400;\">\u012epus\u0117jus \u017eiemos \u0161vent\u0117ms ir sulaukus pirm\u0173j\u0173 snieguot\u0173 dien\u0173, Vilniaus kino biuras kvie\u010dia pasivaik\u0161\u010dioti nauju kino turizmo mar\u0161rutu. \u0160\u012fkart jis driekiasi per \u017eiemi\u0161kas kino film\u0173 ir serial\u0173 vietas \u2013 ten, kur buvo filmuotos snieguotos scenos, kartais naudojant tikr\u0105, o kartais \u2013 dirbtin\u012f snieg\u0105. \u017dem\u0117lapyje \u2013 kal\u0117din\u0117s reklamos, visame pasaulyje i\u0161gars\u0117j\u0119 filmai ir \u012fvair\u016bs TV serialai, sostin\u0119 panardin\u0119 \u012f \u017eiemi\u0161k\u0105 atmosfer\u0105.<\/span><\/p>\n<h3><b>Sald\u017eios Kal\u0117dos Ras\u0173 kolonijoje<\/b><\/h3>\n<p><span style=\"font-weight: 400;\">Mar\u0161rut\u0105 \u0161\u012fsyk si\u016blome prad\u0117ti ne\u012fprastoje, ta\u010diau labai gra\u017eioje vietoje \u2013 Ras\u0173 kolonijoje. Tai vienas autenti\u0161kiausi\u0173 ir ma\u017eiausiai pakitusi\u0173 Vilniaus rajon\u0173, gars\u0117jantis \u0161veicari\u0161kas vilas primenan\u010diu gyvenam\u0173j\u0173 nam\u0173 kompleksu. \u0160i vieta traukia ne tik architekt\u016bros myl\u0117tojus, bet ir kino k\u016br\u0117jus \u2013 visai neseniai ji \u012fk\u016bnijo Norvegijos miest\u0105, \u010dia taip pat filmuota daugyb\u0117 istorini\u0173 ir dokumentini\u0173 juost\u0173.<\/span><\/p>\n<p><span style=\"font-weight: 400;\">XIX a. pabaigoje\u2013XX a. prad\u017eioje Vilniuje suprojektuotas gyvenam\u0173j\u0173 nam\u0173 kompleksas i\u0161siskiria daugia\u0161lai\u010diais stogais, med\u017eio detal\u0117mis, \u0161veicari\u0161k\u0173 vil\u0173 stilistika bei neoklasicistiniu dekoru. Ras\u0173 kolonija Vilniuje kartais dar vadinama Rojaus sodu. Nenuostabu \u2013 autenti\u0161kas gatveli\u0173 kvartalas pagal sumanym\u0105 tur\u0117jo \u012fk\u016bnyti sodo miesto vaizdin\u012f. Kvartalas ir \u0161iandien pripildytas miestie\u010di\u0173 dar\u017e\u0173 ir \u017ealumos. Tai itin kinematografi\u0161ka vieta, gebanti \u201epavirsti\u201c \u012fvairiomis \u0161alimis ir laikotarpiais.<\/span><\/p>\n<p><span style=\"font-weight: 400;\">Ras\u0173 kolonij\u0105 pam\u0117go ir reklam\u0173 k\u016br\u0117jai. \u010cia stovintys namai ir dailios gatvel\u0117s tapo fonu pranc\u016bz\u0173 \u0161okolado ir saldaini\u0173 gamintojo \u201eR\u00e9villon\u201c kal\u0117dinei reklamai \u2013 k\u016brinys u\u017eburia savo \u0161ventine atmosfera.<\/span><\/p>\n<p><iframe title=\"WNP X R\u00e9villon Papillotes de No\u00ebl_30 sec\" width=\"800\" height=\"450\" src=\"https:\/\/www.youtube.com\/embed\/1oNyawQTxHM?feature=oembed\" frameborder=\"0\" allow=\"accelerometer; autoplay; clipboard-write; encrypted-media; gyroscope; picture-in-picture; web-share\" referrerpolicy=\"strict-origin-when-cross-origin\" allowfullscreen><\/iframe><\/p>\n<p><span style=\"font-weight: 400;\">Ras\u0173 kolonijoje verta pasivaik\u0161\u010dioti ilgiau \u2013 \u010dia taip pat filmuotas re\u017eisieriaus K. Drazdausko trumpametra\u017eis filmas \u201ePaslaptis\u201c. Filmo centre \u2013 pradinuk\u0117s Jul\u0117 ir Aida, kurios, pav\u0117lavusios \u012f pamok\u0105, nesp\u0117ja para\u0161yti Kal\u0117d\u0173 Seneliui skirto lai\u0161ko. Filmas pasakoja apie draugyst\u0119 ir kal\u0117din\u012f stebukl\u0105, kurio autoriais galime tapti visi.<\/span><\/p>\n<figure style=\"width: 1536px\" class=\"wp-caption aligncenter\"><img fetchpriority=\"high\" decoding=\"async\" src=\"https:\/\/filmvilnius.com\/wp-content\/uploads\/2024\/12\/paslaptis_1.44.1-1536x864.jpg\" alt=\"\" width=\"1536\" height=\"864\" \/><figcaption class=\"wp-caption-text\">Kadras i\u0161 filmo <span style=\"font-weight: 400;\">\u201e<\/span>Paslaptis<span style=\"font-weight: 400;\">\u201c<\/span><\/figcaption><\/figure>\n<h3><b>Kareiviai \u0160v. Dvasios gatv\u0117je\u00a0<\/b><\/h3>\n<p><span style=\"font-weight: 400;\">I\u0161 Ras\u0173 kolonijos Ras\u0173, o v\u0117liau M. Dauk\u0161os gatve keliaukite link \u0160v. Dvasios gatv\u0117s. Prie\u0161 de\u0161imtmet\u012f Vilniuje BBC ir amerikie\u010di\u0173 \u201eThe Weinstein Company\u201c filmavo \u0161e\u0161i\u0173 serij\u0173 televizijos film\u0105 pagal Levo Tolstojaus roman\u0105 \u201eKaras ir taika\u201c (re\u017e. britas Tom Harper). Vienas \u0161io filmo prodiuseri\u0173 \u2013 Harvey Weinsteinas \u2013 dirbo prie garsiausi\u0173 Quentino Tarantino film\u0173, toki\u0173 kaip \u201ePasiut\u0119 \u0161unys\u201c, \u201eBulvarinis skaitalas\u201c ir kt. Dalis filmo scen\u0173 buvo filmuota tuomet dar kiek kitaip atrod\u017eiusioje, ta\u010diau itin \u017eiemi\u0161koje \u0160v. Dvasios gatv\u0117je, pro kuri\u0105 \u017eygiavo armijos kareiviai.<\/span><\/p>\n<figure id=\"attachment_29180\" aria-describedby=\"caption-attachment-29180\" style=\"width: 800px\" class=\"wp-caption aligncenter\"><img decoding=\"async\" class=\"wp-image-29180 size-large\" src=\"https:\/\/filmvilnius.com\/wp-content\/uploads\/2025\/12\/IMG_8058-1024x683.jpg\" alt=\"\" width=\"800\" height=\"534\" srcset=\"https:\/\/filmvilnius.com\/wp-content\/uploads\/2025\/12\/IMG_8058-1024x683.jpg 1024w, https:\/\/filmvilnius.com\/wp-content\/uploads\/2025\/12\/IMG_8058-300x200.jpg 300w, https:\/\/filmvilnius.com\/wp-content\/uploads\/2025\/12\/IMG_8058-768x512.jpg 768w, https:\/\/filmvilnius.com\/wp-content\/uploads\/2025\/12\/IMG_8058-1536x1024.jpg 1536w, https:\/\/filmvilnius.com\/wp-content\/uploads\/2025\/12\/IMG_8058.jpg 1920w\" sizes=\"(max-width: 800px) 100vw, 800px\" \/><figcaption id=\"caption-attachment-29180\" class=\"wp-caption-text\">Filmuojant \u201eKaras ir taika\u201c<\/figcaption><\/figure>\n<figure id=\"attachment_29182\" aria-describedby=\"caption-attachment-29182\" style=\"width: 800px\" class=\"wp-caption aligncenter\"><img decoding=\"async\" class=\"wp-image-29182 size-large\" src=\"https:\/\/filmvilnius.com\/wp-content\/uploads\/2025\/12\/IMG_7837-1024x683.jpg\" alt=\"\" width=\"800\" height=\"534\" srcset=\"https:\/\/filmvilnius.com\/wp-content\/uploads\/2025\/12\/IMG_7837-1024x683.jpg 1024w, https:\/\/filmvilnius.com\/wp-content\/uploads\/2025\/12\/IMG_7837-300x200.jpg 300w, https:\/\/filmvilnius.com\/wp-content\/uploads\/2025\/12\/IMG_7837-768x512.jpg 768w, https:\/\/filmvilnius.com\/wp-content\/uploads\/2025\/12\/IMG_7837-1536x1024.jpg 1536w, https:\/\/filmvilnius.com\/wp-content\/uploads\/2025\/12\/IMG_7837.jpg 1920w\" sizes=\"(max-width: 800px) 100vw, 800px\" \/><figcaption id=\"caption-attachment-29182\" class=\"wp-caption-text\">Filmuojant \u201eKaras ir taika\u201c<\/figcaption><\/figure>\n<figure id=\"attachment_29184\" aria-describedby=\"caption-attachment-29184\" style=\"width: 800px\" class=\"wp-caption aligncenter\"><img loading=\"lazy\" decoding=\"async\" class=\"wp-image-29184 size-large\" src=\"https:\/\/filmvilnius.com\/wp-content\/uploads\/2025\/12\/sv.-Dvasios-g.-Karas-ir-Taika-BBC-2015-Copy-1024x683.jpg\" alt=\"\" width=\"800\" height=\"534\" srcset=\"https:\/\/filmvilnius.com\/wp-content\/uploads\/2025\/12\/sv.-Dvasios-g.-Karas-ir-Taika-BBC-2015-Copy-1024x683.jpg 1024w, https:\/\/filmvilnius.com\/wp-content\/uploads\/2025\/12\/sv.-Dvasios-g.-Karas-ir-Taika-BBC-2015-Copy-300x200.jpg 300w, https:\/\/filmvilnius.com\/wp-content\/uploads\/2025\/12\/sv.-Dvasios-g.-Karas-ir-Taika-BBC-2015-Copy-768x512.jpg 768w, https:\/\/filmvilnius.com\/wp-content\/uploads\/2025\/12\/sv.-Dvasios-g.-Karas-ir-Taika-BBC-2015-Copy-1536x1024.jpg 1536w, https:\/\/filmvilnius.com\/wp-content\/uploads\/2025\/12\/sv.-Dvasios-g.-Karas-ir-Taika-BBC-2015-Copy.jpg 1920w\" sizes=\"(max-width: 800px) 100vw, 800px\" \/><figcaption id=\"caption-attachment-29184\" class=\"wp-caption-text\">Filmuojant \u201eKaras ir taika\u201c<\/figcaption><\/figure>\n<h3><b>Prabangiu vie\u0161bu\u010diu virtusi filharmonija\u00a0<\/b><\/h3>\n<p><span style=\"font-weight: 400;\">Toliau keliaukite \u012f miesto centr\u0105 ir mar\u0161rut\u0105 t\u0119skite sustodami \u0161alia Lietuvos nacionalin\u0117s filharmonijos. Pastaroji, \u012fkurta 1926 m., yra viena seniausi\u0173 ir presti\u017ei\u0161kiausi\u0173 muzikos institucij\u0173 Lietuvoje. Pastatas, \u012fsik\u016br\u0119s Vilniaus senamiestyje, buvo baigtas statyti 1905 m. ir laikomas vienu prabangiausi\u0173 istorizmo stiliaus pavyzd\u017ei\u0173 sostin\u0117je.<\/span><\/p>\n<p><span style=\"font-weight: 400;\">Filharmonija tapo svarbia scena tiek lietuvi\u0173, tiek tarptautin\u0117s muzikos k\u016br\u0117jams \u2013 \u010dia nuolat rengiami koncertai, festivaliai ir kiti renginiai. O kai jie nevyksta, filharmonijos erdves ir eksterjer\u0105 pasitelkia kino k\u016br\u0117jai \u2013 \u010dia filmuota daugyb\u0117 film\u0173 ir TV serial\u0173.<\/span><\/p>\n<p><span style=\"font-weight: 400;\">Vienas j\u0173 \u2013 Vokietijos visuomeninio transliuotojo ZDF kuriamas filmas \u201eWeihnachten im Olymp\u201c, kuris b\u016bsimus \u017ei\u016brovus nukels \u012f kal\u0117din\u012f laikotarp\u012f.<\/span><\/p>\n<p><span style=\"font-weight: 400;\">Filmo centre \u2013 devyni \u017emon\u0117s, kurie Kal\u0117d\u0173 nakt\u012f po darbo valand\u0173 lieka prabangiame prekybos centre \u201eOlymp\u201c, tur\u0117dami sav\u0173 prie\u017eas\u010di\u0173 negr\u012f\u017eti namo. Juos vienija vieni\u0161umo ir nepritapimo jausmas \u2013 tiek visuomen\u0117je, tiek savo \u0161eimose. Nesuprasti, nusivyl\u0119, i\u0161siilg\u0119 artumo ir pripa\u017einimo, jie visi\u0161kai netik\u0117tai randa \u0161ventin\u0119 nuotaik\u0105, palaikym\u0105 ir meil\u0119 vienas kito draugijoje Kal\u0117d\u0173 nakt\u012f.<\/span><\/p>\n<p><span style=\"font-weight: 400;\">Pagrindinius vaidmenis filme kurs vokie\u010di\u0173 aktoriai Mariele Millowitsch ir Joachim Kr\u00f2l, o viena svarbiausi\u0173 lokacij\u0173 tapo Lietuvos nacionalin\u0117 filharmonija \u2013 pastato eksterjeras virs prabangiuoju prekybos centru \u201eOlymp\u201c. Beje, \u017ei\u016brovai filme i\u0161vys ir prie\u0161 Filharmonij\u0105, Au\u0161ros gatve prava\u017eiuojant\u012f kal\u0117din\u012f traukinuk\u0105.<\/span><\/p>\n<h3><b>Rotu\u0161\u0117je \u2013 kal\u0117din\u0117 akistata<\/b><\/h3>\n<p><span style=\"font-weight: 400;\">Nuo Filharmonijos leiskit\u0117s \u017eemyn Did\u017ei\u0105ja gatve \u2013 netrukus i\u0161vysite Vilniaus rotu\u0161\u0119 ir prie\u0161ais j\u0105 esan\u010di\u0105 aik\u0161t\u0119. \u0160i\u0105 viet\u0105 kal\u0117dinei atmosferai sukurti pasirinko \u201eOrange\u201c \u2013 tarptautin\u0117 telekomunikacij\u0173 bendrov\u0117 i\u0161 Pranc\u016bzijos.<\/span><\/p>\n<p><span style=\"font-weight: 400;\">\u0160ventin\u0117je reklamoje \u012fsp\u016bdinga chorin\u0117 akistata \u012fsiliepsnoja tarp vaik\u0173, svajojan\u010di\u0173 apie nauj\u0105 i\u0161man\u0173j\u012f telefon\u0105, ir t\u0117v\u0173, susir\u016bpinusi\u0173 j\u0173 saugumu skaitmenin\u0117je erdv\u0117je. Reklamoje giedantys aktoriai stovi ne kur kitur, o Rotu\u0161\u0117s aik\u0161t\u0117je, kuri tam kartui Kal\u0117doms buvo papuo\u0161ta dar spalio m\u0117nes\u012f. \u0160tai toki\u0105 \u0161ventin\u0119 atmosfer\u0105 pavyko sukurti pasitelkus dirbtin\u012f snieg\u0105, dekoracijas ir kostiumus.<\/span><\/p>\n<p><iframe title=\"ORANGE - SAFERPHONE \ud83c\udf84\" width=\"800\" height=\"450\" src=\"https:\/\/www.youtube.com\/embed\/QHvlZbh_FVs?feature=oembed\" frameborder=\"0\" allow=\"accelerometer; autoplay; clipboard-write; encrypted-media; gyroscope; picture-in-picture; web-share\" referrerpolicy=\"strict-origin-when-cross-origin\" allowfullscreen><\/iframe><\/p>\n<h3><b>Streikas snieguotose Vilniaus gatv\u0117se<\/b><\/h3>\n<p><span style=\"font-weight: 400;\">Pasivaik\u0161\u010diokite kal\u0117di\u0161kai papuo\u0161tomis Vokie\u010di\u0173 ir Vilniaus gatv\u0117mis, kol pasieksite vien\u0105 svarbiausi\u0173 miesto erdvi\u0173 \u2013 Gedimino prospekt\u0105. Stokholmas, Malm\u0117, Hamburgas, Kopenhaga, distopiniai Anglijos miestai \u2013 Gedimino prospektas yra pasimatav\u0119s ne vien\u0105 vaidmen\u012f.<\/span><\/p>\n<p><span style=\"font-weight: 400;\">\u017diemi\u0161kame Vilniuje 2024 metais vyko ir pagal dan\u0173 ra\u0161ytojo Peterio H\u00f8ego roman\u0105 kuriamo, \u012f distopin\u0119 ateit\u012f nukelian\u010dio TV serialo filmavimai. Dideli darbai vyko Vinco Kudirkos aik\u0161t\u0117je ir Gedimino prospekte \u2013 \u010dia buvo inscenizuojamas protestas, \u017eygiavo minia \u017emoni\u0173, stov\u0117jo vaidybiniai policijos automobiliai. Filmavimo aik\u0161tel\u0117je tuomet dirbo beveik 160 profesional\u0173 komanda, daugiau nei pus\u0119 jos sudar\u0117 lietuviai.<\/span><\/p>\n<h3><b>\u0160alti ir at\u0161iaur\u016bs \u201eStranger Things\u201c \u2013 Luki\u0161ki\u0173 kal\u0117jime<\/b><\/h3>\n<p><span style=\"font-weight: 400;\">Mar\u0161rut\u0105 u\u017ebaikite kinematografi\u0161kajame Luki\u0161ki\u0173 kal\u0117jime. Gedimino prospektu keliaukite iki Luki\u0161ki\u0173 aik\u0161t\u0117s, kirskite j\u0105 skersai, o tuomet sukite \u012f J. Savickio gatv\u0119.<\/span><\/p>\n<p><span style=\"font-weight: 400;\">Kol visas pasaulis laukia serialo \u201eStranger Things\u201c finalini\u0173 serij\u0173, primename, kad ketvirtojo sezono scenos buvo filmuotos ir Luki\u0161ki\u0173 kal\u0117jime. Snieguotas ir at\u0161iaurus, jis tuomet nenutolo nuo savo tikrosios paskirties \u2013 buvo pavaizduotas kaip viena i\u0161 \u012fkalinimo \u012fstaig\u0173.<\/span><\/p>\n<p><span style=\"font-weight: 400;\">Daugiau nei \u0161imt\u0105 met\u0173 menantis Luki\u0161ki\u0173 kal\u0117jimas kadaise buvo vienas moderniausi\u0173 visoje Rusijos imperijoje. Pasaulini\u0173 kar\u0173, sovietme\u010dio ir Lietuvos nepriklausomyb\u0117s laikais veikusi \u012fkalinimo \u012fstaiga iki \u0161iol i\u0161saugojo originalius interjero ir eksterjero elementus. Galb\u016bt tod\u0117l \u0161iandien Luki\u0161ki\u0173 kal\u0117jimas sulaukia tiek daug kino k\u016br\u0117j\u0173 d\u0117mesio \u2013 buvusio kal\u0117jimo kameros, prieangiai ir kabinetai laikomi itin kinematografi\u0161kais.<\/span><\/p>\n<figure id=\"attachment_29177\" aria-describedby=\"caption-attachment-29177\" style=\"width: 800px\" class=\"wp-caption aligncenter\"><img loading=\"lazy\" decoding=\"async\" class=\"wp-image-29177 size-large\" src=\"https:\/\/filmvilnius.com\/wp-content\/uploads\/2025\/12\/Lukiskiu-kalejimas-Go-Vilnius-ir-Vilnius-Film-Office_nuotr-1024x683.jpg\" alt=\"\" width=\"800\" height=\"534\" srcset=\"https:\/\/filmvilnius.com\/wp-content\/uploads\/2025\/12\/Lukiskiu-kalejimas-Go-Vilnius-ir-Vilnius-Film-Office_nuotr-1024x683.jpg 1024w, https:\/\/filmvilnius.com\/wp-content\/uploads\/2025\/12\/Lukiskiu-kalejimas-Go-Vilnius-ir-Vilnius-Film-Office_nuotr-300x200.jpg 300w, https:\/\/filmvilnius.com\/wp-content\/uploads\/2025\/12\/Lukiskiu-kalejimas-Go-Vilnius-ir-Vilnius-Film-Office_nuotr-768x512.jpg 768w, https:\/\/filmvilnius.com\/wp-content\/uploads\/2025\/12\/Lukiskiu-kalejimas-Go-Vilnius-ir-Vilnius-Film-Office_nuotr-1536x1025.jpg 1536w, https:\/\/filmvilnius.com\/wp-content\/uploads\/2025\/12\/Lukiskiu-kalejimas-Go-Vilnius-ir-Vilnius-Film-Office_nuotr.jpg 1920w\" sizes=\"(max-width: 800px) 100vw, 800px\" \/><figcaption id=\"caption-attachment-29177\" class=\"wp-caption-text\">Luki\u0161ki\u0173 kal\u0117jimas | Go Vilnius nuotr.<\/figcaption><\/figure>\n<p><iframe src=\"https:\/\/www.google.com\/maps\/d\/embed?mid=1x-4fHZP90wVLCNy4eg21Id0NaQPG1NQ&amp;ehbc=2E312F\" width=\"640\" height=\"480\"><\/iframe><\/p>\n","protected":false},"excerpt":{"rendered":"<p>\u017diemi\u0161kas Vilnius \u012epus\u0117jus \u017eiemos \u0161vent\u0117ms ir sulaukus pirm\u0173j\u0173 snieguot\u0173 dien\u0173, Vilniaus kino biuras kvie\u010dia pasivaik\u0161\u010dioti nauju kino turizmo mar\u0161rutu. \u0160\u012fkart jis driekiasi per \u017eiemi\u0161kas kino film\u0173 ir serial\u0173 vietas \u2013 ten, kur buvo filmuotos snieguotos scenos, kartais naudojant tikr\u0105, o kartais \u2013 dirbtin\u012f snieg\u0105. \u017dem\u0117lapyje \u2013 kal\u0117din\u0117s reklamos, visame pasaulyje i\u0161gars\u0117j\u0119 filmai ir \u012fvair\u016bs TV [&hellip;]<\/p>\n","protected":false},"author":6,"featured_media":29189,"parent":0,"menu_order":0,"comment_status":"closed","ping_status":"closed","template":"","meta":{"_acf_changed":false,"_monsterinsights_skip_tracking":false,"_monsterinsights_sitenote_active":false,"_monsterinsights_sitenote_note":"","_monsterinsights_sitenote_category":0,"footnotes":""},"class_list":["post-29192","page","type-page","status-publish","has-post-thumbnail","hentry"],"acf":[],"yoast_head":"<!-- This site is optimized with the Yoast SEO plugin v27.4 - https:\/\/yoast.com\/product\/yoast-seo-wordpress\/ -->\n<title>- Vilnius film office<\/title>\n<meta name=\"description\" content=\"\u012epus\u0117jus \u017eiemos \u0161vent\u0117ms ir sulaukus pirm\u0173j\u0173 snieguot\u0173 dien\u0173, Vilniaus kino biuras kvie\u010dia pasivaik\u0161\u010dioti nauju kino turizmo mar\u0161rutu.\" \/>\n<meta name=\"robots\" content=\"index, follow, max-snippet:-1, max-image-preview:large, max-video-preview:-1\" \/>\n<link rel=\"canonical\" href=\"https:\/\/filmvilnius.com\/lt\/ziemiskas-vilnius\/\" \/>\n<meta property=\"og:locale\" content=\"lt_LT\" \/>\n<meta property=\"og:type\" content=\"article\" \/>\n<meta property=\"og:title\" content=\"- Vilnius film office\" \/>\n<meta property=\"og:description\" content=\"\u012epus\u0117jus \u017eiemos \u0161vent\u0117ms ir sulaukus pirm\u0173j\u0173 snieguot\u0173 dien\u0173, Vilniaus kino biuras kvie\u010dia pasivaik\u0161\u010dioti nauju kino turizmo mar\u0161rutu.\" \/>\n<meta property=\"og:url\" content=\"https:\/\/filmvilnius.com\/lt\/ziemiskas-vilnius\/\" \/>\n<meta property=\"og:site_name\" content=\"Vilnius film office\" \/>\n<meta property=\"article:publisher\" content=\"https:\/\/www.facebook.com\/filmvilnius\" \/>\n<meta property=\"article:modified_time\" content=\"2025-12-29T11:00:57+00:00\" \/>\n<meta property=\"og:image\" content=\"https:\/\/filmvilnius.com\/wp-content\/uploads\/2025\/12\/winter-13.jpg\" \/>\n\t<meta property=\"og:image:width\" content=\"1500\" \/>\n\t<meta property=\"og:image:height\" content=\"1125\" \/>\n\t<meta property=\"og:image:type\" content=\"image\/jpeg\" \/>\n<meta name=\"twitter:card\" content=\"summary_large_image\" \/>\n<meta name=\"twitter:site\" content=\"@FilmVilnius\" \/>\n<meta name=\"twitter:label1\" content=\"Est. reading time\" \/>\n\t<meta name=\"twitter:data1\" content=\"5 minut\u0117s\" \/>\n<script type=\"application\/ld+json\" class=\"yoast-schema-graph\">{\"@context\":\"https:\\\/\\\/schema.org\",\"@graph\":[{\"@type\":\"WebPage\",\"@id\":\"https:\\\/\\\/filmvilnius.com\\\/lt\\\/ziemiskas-vilnius\\\/\",\"url\":\"https:\\\/\\\/filmvilnius.com\\\/lt\\\/ziemiskas-vilnius\\\/\",\"name\":\"- Vilnius film office\",\"isPartOf\":{\"@id\":\"https:\\\/\\\/filmvilnius.com\\\/#website\"},\"primaryImageOfPage\":{\"@id\":\"https:\\\/\\\/filmvilnius.com\\\/lt\\\/ziemiskas-vilnius\\\/#primaryimage\"},\"image\":{\"@id\":\"https:\\\/\\\/filmvilnius.com\\\/lt\\\/ziemiskas-vilnius\\\/#primaryimage\"},\"thumbnailUrl\":\"https:\\\/\\\/filmvilnius.com\\\/wp-content\\\/uploads\\\/2025\\\/12\\\/winter-13.jpg\",\"datePublished\":\"2025-12-29T10:34:15+00:00\",\"dateModified\":\"2025-12-29T11:00:57+00:00\",\"description\":\"\u012epus\u0117jus \u017eiemos \u0161vent\u0117ms ir sulaukus pirm\u0173j\u0173 snieguot\u0173 dien\u0173, Vilniaus kino biuras kvie\u010dia pasivaik\u0161\u010dioti nauju kino turizmo mar\u0161rutu.\",\"inLanguage\":\"lt-LT\",\"potentialAction\":[{\"@type\":\"ReadAction\",\"target\":[\"https:\\\/\\\/filmvilnius.com\\\/lt\\\/ziemiskas-vilnius\\\/\"]}]},{\"@type\":\"ImageObject\",\"inLanguage\":\"lt-LT\",\"@id\":\"https:\\\/\\\/filmvilnius.com\\\/lt\\\/ziemiskas-vilnius\\\/#primaryimage\",\"url\":\"https:\\\/\\\/filmvilnius.com\\\/wp-content\\\/uploads\\\/2025\\\/12\\\/winter-13.jpg\",\"contentUrl\":\"https:\\\/\\\/filmvilnius.com\\\/wp-content\\\/uploads\\\/2025\\\/12\\\/winter-13.jpg\",\"width\":1500,\"height\":1125},{\"@type\":\"WebSite\",\"@id\":\"https:\\\/\\\/filmvilnius.com\\\/#website\",\"url\":\"https:\\\/\\\/filmvilnius.com\\\/\",\"name\":\"Vilnius film office\",\"description\":\"\",\"publisher\":{\"@id\":\"https:\\\/\\\/filmvilnius.com\\\/#organization\"},\"potentialAction\":[{\"@type\":\"SearchAction\",\"target\":{\"@type\":\"EntryPoint\",\"urlTemplate\":\"https:\\\/\\\/filmvilnius.com\\\/?s={search_term_string}\"},\"query-input\":{\"@type\":\"PropertyValueSpecification\",\"valueRequired\":true,\"valueName\":\"search_term_string\"}}],\"inLanguage\":\"lt-LT\"},{\"@type\":\"Organization\",\"@id\":\"https:\\\/\\\/filmvilnius.com\\\/#organization\",\"name\":\"Vilniaus kino biuras\",\"url\":\"https:\\\/\\\/filmvilnius.com\\\/\",\"logo\":{\"@type\":\"ImageObject\",\"inLanguage\":\"lt-LT\",\"@id\":\"https:\\\/\\\/filmvilnius.com\\\/#\\\/schema\\\/logo\\\/image\\\/\",\"url\":\"https:\\\/\\\/filmvilnius.com\\\/wp-content\\\/uploads\\\/2022\\\/12\\\/VKB-Logo-2022-EN-2-V.jpg\",\"contentUrl\":\"https:\\\/\\\/filmvilnius.com\\\/wp-content\\\/uploads\\\/2022\\\/12\\\/VKB-Logo-2022-EN-2-V.jpg\",\"width\":1419,\"height\":1418,\"caption\":\"Vilniaus kino biuras\"},\"image\":{\"@id\":\"https:\\\/\\\/filmvilnius.com\\\/#\\\/schema\\\/logo\\\/image\\\/\"},\"sameAs\":[\"https:\\\/\\\/www.facebook.com\\\/filmvilnius\",\"https:\\\/\\\/x.com\\\/FilmVilnius\",\"https:\\\/\\\/www.instagram.com\\\/filmvilnius\\\/\"]}]}<\/script>\n<!-- \/ Yoast SEO plugin. -->","yoast_head_json":{"title":"- Vilnius film office","description":"\u012epus\u0117jus \u017eiemos \u0161vent\u0117ms ir sulaukus pirm\u0173j\u0173 snieguot\u0173 dien\u0173, Vilniaus kino biuras kvie\u010dia pasivaik\u0161\u010dioti nauju kino turizmo mar\u0161rutu.","robots":{"index":"index","follow":"follow","max-snippet":"max-snippet:-1","max-image-preview":"max-image-preview:large","max-video-preview":"max-video-preview:-1"},"canonical":"https:\/\/filmvilnius.com\/lt\/ziemiskas-vilnius\/","og_locale":"lt_LT","og_type":"article","og_title":"- Vilnius film office","og_description":"\u012epus\u0117jus \u017eiemos \u0161vent\u0117ms ir sulaukus pirm\u0173j\u0173 snieguot\u0173 dien\u0173, Vilniaus kino biuras kvie\u010dia pasivaik\u0161\u010dioti nauju kino turizmo mar\u0161rutu.","og_url":"https:\/\/filmvilnius.com\/lt\/ziemiskas-vilnius\/","og_site_name":"Vilnius film office","article_publisher":"https:\/\/www.facebook.com\/filmvilnius","article_modified_time":"2025-12-29T11:00:57+00:00","og_image":[{"width":1500,"height":1125,"url":"https:\/\/filmvilnius.com\/wp-content\/uploads\/2025\/12\/winter-13.jpg","type":"image\/jpeg"}],"twitter_card":"summary_large_image","twitter_site":"@FilmVilnius","twitter_misc":{"Est. reading time":"5 minut\u0117s"},"schema":{"@context":"https:\/\/schema.org","@graph":[{"@type":"WebPage","@id":"https:\/\/filmvilnius.com\/lt\/ziemiskas-vilnius\/","url":"https:\/\/filmvilnius.com\/lt\/ziemiskas-vilnius\/","name":"- Vilnius film office","isPartOf":{"@id":"https:\/\/filmvilnius.com\/#website"},"primaryImageOfPage":{"@id":"https:\/\/filmvilnius.com\/lt\/ziemiskas-vilnius\/#primaryimage"},"image":{"@id":"https:\/\/filmvilnius.com\/lt\/ziemiskas-vilnius\/#primaryimage"},"thumbnailUrl":"https:\/\/filmvilnius.com\/wp-content\/uploads\/2025\/12\/winter-13.jpg","datePublished":"2025-12-29T10:34:15+00:00","dateModified":"2025-12-29T11:00:57+00:00","description":"\u012epus\u0117jus \u017eiemos \u0161vent\u0117ms ir sulaukus pirm\u0173j\u0173 snieguot\u0173 dien\u0173, Vilniaus kino biuras kvie\u010dia pasivaik\u0161\u010dioti nauju kino turizmo mar\u0161rutu.","inLanguage":"lt-LT","potentialAction":[{"@type":"ReadAction","target":["https:\/\/filmvilnius.com\/lt\/ziemiskas-vilnius\/"]}]},{"@type":"ImageObject","inLanguage":"lt-LT","@id":"https:\/\/filmvilnius.com\/lt\/ziemiskas-vilnius\/#primaryimage","url":"https:\/\/filmvilnius.com\/wp-content\/uploads\/2025\/12\/winter-13.jpg","contentUrl":"https:\/\/filmvilnius.com\/wp-content\/uploads\/2025\/12\/winter-13.jpg","width":1500,"height":1125},{"@type":"WebSite","@id":"https:\/\/filmvilnius.com\/#website","url":"https:\/\/filmvilnius.com\/","name":"Vilnius film office","description":"","publisher":{"@id":"https:\/\/filmvilnius.com\/#organization"},"potentialAction":[{"@type":"SearchAction","target":{"@type":"EntryPoint","urlTemplate":"https:\/\/filmvilnius.com\/?s={search_term_string}"},"query-input":{"@type":"PropertyValueSpecification","valueRequired":true,"valueName":"search_term_string"}}],"inLanguage":"lt-LT"},{"@type":"Organization","@id":"https:\/\/filmvilnius.com\/#organization","name":"Vilniaus kino biuras","url":"https:\/\/filmvilnius.com\/","logo":{"@type":"ImageObject","inLanguage":"lt-LT","@id":"https:\/\/filmvilnius.com\/#\/schema\/logo\/image\/","url":"https:\/\/filmvilnius.com\/wp-content\/uploads\/2022\/12\/VKB-Logo-2022-EN-2-V.jpg","contentUrl":"https:\/\/filmvilnius.com\/wp-content\/uploads\/2022\/12\/VKB-Logo-2022-EN-2-V.jpg","width":1419,"height":1418,"caption":"Vilniaus kino biuras"},"image":{"@id":"https:\/\/filmvilnius.com\/#\/schema\/logo\/image\/"},"sameAs":["https:\/\/www.facebook.com\/filmvilnius","https:\/\/x.com\/FilmVilnius","https:\/\/www.instagram.com\/filmvilnius\/"]}]}},"_links":{"self":[{"href":"https:\/\/filmvilnius.com\/lt\/wp-json\/wp\/v2\/pages\/29192","targetHints":{"allow":["GET"]}}],"collection":[{"href":"https:\/\/filmvilnius.com\/lt\/wp-json\/wp\/v2\/pages"}],"about":[{"href":"https:\/\/filmvilnius.com\/lt\/wp-json\/wp\/v2\/types\/page"}],"author":[{"embeddable":true,"href":"https:\/\/filmvilnius.com\/lt\/wp-json\/wp\/v2\/users\/6"}],"replies":[{"embeddable":true,"href":"https:\/\/filmvilnius.com\/lt\/wp-json\/wp\/v2\/comments?post=29192"}],"version-history":[{"count":2,"href":"https:\/\/filmvilnius.com\/lt\/wp-json\/wp\/v2\/pages\/29192\/revisions"}],"predecessor-version":[{"id":29196,"href":"https:\/\/filmvilnius.com\/lt\/wp-json\/wp\/v2\/pages\/29192\/revisions\/29196"}],"wp:featuredmedia":[{"embeddable":true,"href":"https:\/\/filmvilnius.com\/lt\/wp-json\/wp\/v2\/media\/29189"}],"wp:attachment":[{"href":"https:\/\/filmvilnius.com\/lt\/wp-json\/wp\/v2\/media?parent=29192"}],"curies":[{"name":"wp","href":"https:\/\/api.w.org\/{rel}","templated":true}]}}